{"id":7393,"date":"2019-09-30T15:39:46","date_gmt":"2019-09-30T12:39:46","guid":{"rendered":"http:\/\/www.ttistanbulspor.org\/?post_type=product&#038;p=7393"},"modified":"2019-09-30T15:40:02","modified_gmt":"2019-09-30T12:40:02","slug":"kerr","status":"publish","type":"product","link":"https:\/\/www.ttistanbulspor.org\/index.php\/urun\/kerr\/","title":{"rendered":"Kerr"},"content":{"rendered":"<p>Bir yanda bombard\u0131manlar, katliamlar, cinayetler, i\u015fkenceler, kay\u0131plar, faili me\u00e7huller alt\u0131nda inleyen, ac\u0131 \u00e7eken bir \u00fclke ve insanlar\u2026 \u00d6te yandaysa t\u00fcm bunlara tan\u0131k olan, olaylar h\u0131zland\u0131k\u00e7a, geli\u015ftik\u00e7e derin uykulara dalan bir adam! San\u0131ld\u0131\u011f\u0131n\u0131n aksine, mesele kolayca hepimiz su\u00e7luyuz demek de\u011fil, kald\u0131 ki \u00f6yle de de\u011fil zaten; mesele \u00f6nce nas\u0131l tan\u0131kl\u0131k etti\u011fimizi ve ard\u0131ndan hangi bireysel siyasi, felsefi, iktisadi ve ahlaki saiklerle katile ortak oldu\u011fumuzu anlamakt\u0131r\u2026 Zira tekerr\u00fcr eden tarih de\u011fil, i\u015fte bu(bi\u00e7im)dur!<\/p>\n<p>Aziz Pavlus&#8217;u duyabiliyor musun: Yasa, k\u00e2\u011f\u0131da ya da bedene yaz\u0131land\u0131r, Yasa\/Yaz\u0131 insan\u0131 aklayamaz, diyor ey okur! &#8220;Mesih&#8217;le birlikte \u00e7arm\u0131ha gerildim. Art\u0131k ben ya\u015fam\u0131yorum, Mesih bende ya\u015f\u0131yor. \u015eimdi bedende s\u00fcrd\u00fcrd\u00fc\u011f\u00fcm ya\u015fam\u0131, beni seven ve benim i\u00e7in kendini feda eden Tanr\u0131 O\u011flu&#8217;na imanla s\u00fcrd\u00fcr\u00fcyorum. Tanr\u0131&#8217;n\u0131n l\u00fctfunu ge\u00e7ersiz saym\u0131\u015f de\u011filim. \u00c7\u00fcnk\u00fc aklanma Yasa arac\u0131l\u0131\u011f\u0131yla sa\u011flanabilseydi, o zaman Mesih bo\u015f yere \u00f6lm\u00fc\u015f olurdu.&#8221;<\/p>\n<p>Kay\u0131p \u015eah\u0131slar Alb\u00fcm\u00fc&#8217;n\u00fcn yazar\u0131 Tayfun Pirselimo\u011flu b\u00fcy\u00fck bir alegori ve ironi ustas\u0131d\u0131r. \u0130lk ve son b\u00f6l\u00fcmleri Kay\u0131p \u015eah\u0131slar Alb\u00fcm\u00fc&#8217;n\u00fcn ayn\u0131, &#8220;ortas\u0131&#8221; farkl\u0131 olan bu son roman\u0131 Kerr&#8217;se h\u00fcz\u00fcnl\u00fc, dev bir alegori&#8230; \u015eunu rahatl\u0131kla s\u00f6yleyebilirim, T\u00fcrkiye ger\u00e7e\u011finin b\u00f6ylesine ustaca romanla\u015ft\u0131r\u0131ld\u0131\u011f\u0131 ve alegorile\u015ftirildi\u011fi pek az iyi roman vard\u0131r T\u00fcrk\u00e7ede. \u0130yi okumalar\u2026<\/p>\n","protected":false},"excerpt":{"rendered":"<p>Bir yanda bombard\u0131manlar, katliamlar, cinayetler, i\u015fkenceler, kay\u0131plar, faili me\u00e7huller alt\u0131nda inleyen, ac\u0131 \u00e7eken bir \u00fclke ve insanlar\u2026 \u00d6te yandaysa t\u00fcm bunlara tan\u0131k olan, olaylar h\u0131zland\u0131k\u00e7a, geli\u015ftik\u00e7e derin uykulara dalan bir adam! San\u0131ld\u0131\u011f\u0131n\u0131n aksine, mesele kolayca hepimiz su\u00e7luyuz demek de\u011fil, kald\u0131 ki \u00f6yle de de\u011fil zaten; mesele \u00f6nce nas\u0131l tan\u0131kl\u0131k etti\u011fimizi ve ard\u0131ndan hangi bireysel siyasi, felsefi, iktisadi ve ahlaki saiklerle katile ortak oldu\u011fumuzu anlamakt\u0131r\u2026 Zira tekerr\u00fcr eden tarih de\u011fil, i\u015fte bu(bi\u00e7im)dur!<\/p>\n<p>Aziz Pavlus&#8217;u duyabiliyor musun: Yasa, k\u00e2\u011f\u0131da ya da bedene yaz\u0131land\u0131r, Yasa\/Yaz\u0131 insan\u0131 aklayamaz, diyor ey okur! &#8220;Mesih&#8217;le birlikte \u00e7arm\u0131ha gerildim. Art\u0131k ben ya\u015fam\u0131yorum, Mesih bende ya\u015f\u0131yor. \u015eimdi bedende s\u00fcrd\u00fcrd\u00fc\u011f\u00fcm ya\u015fam\u0131, beni seven ve benim i\u00e7in kendini feda eden Tanr\u0131 O\u011flu&#8217;na imanla s\u00fcrd\u00fcr\u00fcyorum. Tanr\u0131&#8217;n\u0131n l\u00fctfunu ge\u00e7ersiz saym\u0131\u015f de\u011filim. \u00c7\u00fcnk\u00fc aklanma Yasa arac\u0131l\u0131\u011f\u0131yla sa\u011flanabilseydi, o zaman Mesih bo\u015f yere \u00f6lm\u00fc\u015f olurdu.&#8221;<\/p>\n<p>Kay\u0131p \u015eah\u0131slar Alb\u00fcm\u00fc&#8217;n\u00fcn yazar\u0131 Tayfun Pirselimo\u011flu b\u00fcy\u00fck bir alegori ve ironi ustas\u0131d\u0131r. \u0130lk ve son b\u00f6l\u00fcmleri Kay\u0131p \u015eah\u0131slar Alb\u00fcm\u00fc&#8217;n\u00fcn ayn\u0131, &#8220;ortas\u0131&#8221; farkl\u0131 olan bu son roman\u0131 Kerr&#8217;se h\u00fcz\u00fcnl\u00fc, dev bir alegori&#8230; \u015eunu rahatl\u0131kla s\u00f6yleyebilirim, T\u00fcrkiye ger\u00e7e\u011finin b\u00f6ylesine ustaca romanla\u015ft\u0131r\u0131ld\u0131\u011f\u0131 ve alegorile\u015ftirildi\u011fi pek az iyi roman vard\u0131r T\u00fcrk\u00e7ede. \u0130yi okumalar\u2026<\/p>\n","protected":false},"featured_media":7395,"comment_status":"open","ping_status":"closed","template":"","meta":[],"class_list":["post-7393","product","type-product","status-publish","has-post-thumbnail","hentry","product_cat-deneme-yazin"],"_links":{"self":[{"href":"https:\/\/www.ttistanbulspor.org\/index.php\/wp-json\/wp\/v2\/product\/7393","targetHints":{"allow":["GET"]}}],"collection":[{"href":"https:\/\/www.ttistanbulspor.org\/index.php\/wp-json\/wp\/v2\/product"}],"about":[{"href":"https:\/\/www.ttistanbulspor.org\/index.php\/wp-json\/wp\/v2\/types\/product"}],"replies":[{"embeddable":true,"href":"https:\/\/www.ttistanbulspor.org\/index.php\/wp-json\/wp\/v2\/comments?post=7393"}],"wp:featuredmedia":[{"embeddable":true,"href":"https:\/\/www.ttistanbulspor.org\/index.php\/wp-json\/wp\/v2\/media\/7395"}],"wp:attachment":[{"href":"https:\/\/www.ttistanbulspor.org\/index.php\/wp-json\/wp\/v2\/media?parent=7393"}],"curies":[{"name":"wp","href":"https:\/\/api.w.org\/{rel}","templated":true}]}}