{"id":7362,"date":"2019-09-30T11:52:39","date_gmt":"2019-09-30T08:52:39","guid":{"rendered":"http:\/\/www.ttistanbulspor.org\/?post_type=product&#038;p=7362"},"modified":"2019-09-30T11:53:12","modified_gmt":"2019-09-30T08:53:12","slug":"bir-devrin-hafizasi","status":"publish","type":"product","link":"https:\/\/www.ttistanbulspor.org\/index.php\/urun\/bir-devrin-hafizasi\/","title":{"rendered":"Bir Devrin Haf\u0131zas\u0131"},"content":{"rendered":"<p>Erzurum\u2019un k\u00f6kl\u00fc ailelerinden birinin \u00e7ocu\u011fu olarak d\u00fcnyaya geldi. Gen\u00e7 bir \u00fcniversite \u00f6\u011frencisi olarak geldi\u011fi \u0130stanbul\u2019da kendini politik bir ortam\u0131n i\u00e7inde buldu. \u0130stanbul Hukuk Fak\u00fcltesi\u2019nde \u00f6\u011frenciyken d\u00f6nemin \u00f6nemli fikir adamlar\u0131yla tan\u0131\u015ft\u0131. 27 May\u0131s yarg\u0131lamalar\u0131na tan\u0131kl\u0131k etti. Zorlu bir m\u00fccadele sonunda MTTB genel ba\u015fkan\u0131 oldu. Kendi deyimiyle \u201c\u0130nan\u00e7l\u0131 gen\u00e7 bir kadronun neleri ba\u015farabildi\u011finin onurlu heyecan\u0131n\u0131 burada ya\u015fad\u0131.\u201d Ba\u015fkanl\u0131k d\u00f6nemi boyunca unutulmaz faaliyetlere imza att\u0131. Gen\u00e7lik lideri olarak ba\u015far\u0131lar\u0131 onu siyasetin i\u00e7ine \u00e7ekti. Adalet Partisi\u2019nden Erzurum milletvekili se\u00e7ildi. S\u00fcleyman Demirel\u2019e muhalif 41\u2019ler Hareketi i\u00e7inde yer ald\u0131. Demokratik Parti\u2019nin kurucular\u0131ndan oldu ve 1973 se\u00e7imlerinde yeniden parlamentoya girdi. Aktif politikaya uzun bir s\u00fcre ara verdikten sonra 1990\u2019l\u0131 y\u0131llarda Tansu \u00c7iller\u2019in davetiyle DYP \u0130stanbul \u0130l Ba\u015fkan\u0131 oldu.\u00a0 Ancak k\u0131sa s\u00fcre sonra istifa etti. \u0130lkelerinden taviz vermemesiyle ve son derece d\u00fcr\u00fcst ki\u015fili\u011fiyle politika sahnesinde sayg\u0131nl\u0131k kazanan Rasim Cinisli, yak\u0131n tarihimizde bizzat tan\u0131kl\u0131k etti\u011fi \u00f6nemli olaylar\u0131, unutulan veya unutturulmak istenen ger\u00e7ekleri i\u00e7eren \u201cbir devrin haf\u0131zas\u0131n\u0131\u201d okurla payla\u015f\u0131yor. 27 May\u0131s\u2019\u0131n arkas\u0131nda kim ya da kimler vard\u0131? Darbeler \u00fclkenin gelece\u011fini nas\u0131l etkiledi?<\/p>\n<p>Milletimizin en k\u0131ymetli varl\u0131\u011f\u0131 gen\u00e7li\u011fe nas\u0131l k\u0131yd\u0131lar?\u00a012 Mart 1971 Muht\u0131ras\u0131\u2019n\u0131n ard\u0131ndan Cevdet Sunay\u2019\u0131n \u201cderin ve sonu karanl\u0131k bir \u00e7\u0131kmaz\u201d dedi\u011fi tehlike neydi?\u00a0\u201cBa\u015far\u0131l\u0131 olsalard\u0131 T\u00fcrkleri Sibirya\u2019ya s\u00fcreceklerdi\u201d diyen ba\u015fbakan kimdi?\u00a0Yurtd\u0131\u015f\u0131ndan uzanan ellere kimler kucak a\u00e7t\u0131? \u00a0Osmanl\u0131 Hanedan\u0131\u2019n\u0131n T\u00fcrkiye\u2019ye d\u00f6n\u00fc\u015f\u00fcne izin veren yasa hangi ko\u015fullarda kabul edildi?\u00a012 Eyl\u00fcl\u2019de Kenan Evren T\u00fcrkiye\u2019nin elindeki en b\u00fcy\u00fck kozu Yunanistan\u2019a nas\u0131l teslim etti?<\/p>\n","protected":false},"excerpt":{"rendered":"<p>Erzurum\u2019un k\u00f6kl\u00fc ailelerinden birinin \u00e7ocu\u011fu olarak d\u00fcnyaya geldi. Gen\u00e7 bir \u00fcniversite \u00f6\u011frencisi olarak geldi\u011fi \u0130stanbul\u2019da kendini politik bir ortam\u0131n i\u00e7inde buldu. \u0130stanbul Hukuk Fak\u00fcltesi\u2019nde \u00f6\u011frenciyken d\u00f6nemin \u00f6nemli fikir adamlar\u0131yla tan\u0131\u015ft\u0131. 27 May\u0131s yarg\u0131lamalar\u0131na tan\u0131kl\u0131k etti. Zorlu bir m\u00fccadele sonunda MTTB genel ba\u015fkan\u0131 oldu. Kendi deyimiyle \u201c\u0130nan\u00e7l\u0131 gen\u00e7 bir kadronun neleri ba\u015farabildi\u011finin onurlu heyecan\u0131n\u0131 burada ya\u015fad\u0131.\u201d Ba\u015fkanl\u0131k d\u00f6nemi boyunca unutulmaz faaliyetlere imza att\u0131. Gen\u00e7lik lideri olarak ba\u015far\u0131lar\u0131 onu siyasetin i\u00e7ine \u00e7ekti. Adalet Partisi\u2019nden Erzurum milletvekili se\u00e7ildi. S\u00fcleyman Demirel\u2019e muhalif 41\u2019ler Hareketi i\u00e7inde yer ald\u0131. Demokratik Parti\u2019nin kurucular\u0131ndan oldu ve 1973 se\u00e7imlerinde yeniden parlamentoya girdi. Aktif politikaya uzun bir s\u00fcre ara verdikten sonra 1990\u2019l\u0131 y\u0131llarda Tansu \u00c7iller\u2019in davetiyle DYP \u0130stanbul \u0130l Ba\u015fkan\u0131 oldu.\u00a0 Ancak k\u0131sa s\u00fcre sonra istifa etti. \u0130lkelerinden taviz vermemesiyle ve son derece d\u00fcr\u00fcst ki\u015fili\u011fiyle politika sahnesinde sayg\u0131nl\u0131k kazanan Rasim Cinisli, yak\u0131n tarihimizde bizzat tan\u0131kl\u0131k etti\u011fi \u00f6nemli olaylar\u0131, unutulan veya unutturulmak istenen ger\u00e7ekleri i\u00e7eren \u201cbir devrin haf\u0131zas\u0131n\u0131\u201d okurla payla\u015f\u0131yor. 27 May\u0131s\u2019\u0131n arkas\u0131nda kim ya da kimler vard\u0131? Darbeler \u00fclkenin gelece\u011fini nas\u0131l etkiledi?<\/p>\n<p>Milletimizin en k\u0131ymetli varl\u0131\u011f\u0131 gen\u00e7li\u011fe nas\u0131l k\u0131yd\u0131lar?\u00a012 Mart 1971 Muht\u0131ras\u0131\u2019n\u0131n ard\u0131ndan Cevdet Sunay\u2019\u0131n \u201cderin ve sonu karanl\u0131k bir \u00e7\u0131kmaz\u201d dedi\u011fi tehlike neydi?\u00a0\u201cBa\u015far\u0131l\u0131 olsalard\u0131 T\u00fcrkleri Sibirya\u2019ya s\u00fcreceklerdi\u201d diyen ba\u015fbakan kimdi?\u00a0Yurtd\u0131\u015f\u0131ndan uzanan ellere kimler kucak a\u00e7t\u0131? \u00a0Osmanl\u0131 Hanedan\u0131\u2019n\u0131n T\u00fcrkiye\u2019ye d\u00f6n\u00fc\u015f\u00fcne izin veren yasa hangi ko\u015fullarda kabul edildi?\u00a012 Eyl\u00fcl\u2019de Kenan Evren T\u00fcrkiye\u2019nin elindeki en b\u00fcy\u00fck kozu Yunanistan\u2019a nas\u0131l teslim etti?<\/p>\n","protected":false},"featured_media":7364,"comment_status":"open","ping_status":"closed","template":"","meta":[],"class_list":["post-7362","product","type-product","status-publish","has-post-thumbnail","hentry","product_cat-turk-gunluk-ani"],"_links":{"self":[{"href":"https:\/\/www.ttistanbulspor.org\/index.php\/wp-json\/wp\/v2\/product\/7362","targetHints":{"allow":["GET"]}}],"collection":[{"href":"https:\/\/www.ttistanbulspor.org\/index.php\/wp-json\/wp\/v2\/product"}],"about":[{"href":"https:\/\/www.ttistanbulspor.org\/index.php\/wp-json\/wp\/v2\/types\/product"}],"replies":[{"embeddable":true,"href":"https:\/\/www.ttistanbulspor.org\/index.php\/wp-json\/wp\/v2\/comments?post=7362"}],"wp:featuredmedia":[{"embeddable":true,"href":"https:\/\/www.ttistanbulspor.org\/index.php\/wp-json\/wp\/v2\/media\/7364"}],"wp:attachment":[{"href":"https:\/\/www.ttistanbulspor.org\/index.php\/wp-json\/wp\/v2\/media?parent=7362"}],"curies":[{"name":"wp","href":"https:\/\/api.w.org\/{rel}","templated":true}]}}