{"id":7344,"date":"2019-09-30T10:21:19","date_gmt":"2019-09-30T07:21:19","guid":{"rendered":"http:\/\/www.ttistanbulspor.org\/?post_type=product&#038;p=7344"},"modified":"2019-09-30T10:21:25","modified_gmt":"2019-09-30T07:21:25","slug":"sefiller-2","status":"publish","type":"product","link":"https:\/\/www.ttistanbulspor.org\/index.php\/urun\/sefiller-2\/","title":{"rendered":"Sefiller"},"content":{"rendered":"<p>\u0130htiya\u00e7lar\u0131 fazlala\u015fan insanlar, kaynaklar\u0131n s\u0131n\u0131rlar\u0131n\u0131 zorlamaya itilir ve yollar\u0131na \u00e7\u0131kan savunmas\u0131z birinden bile irkilir. \u0130\u015f ve \u00fccretler, yiyecek ve bar\u0131nma, cesaret ve iyi niyet; hepsi sahip olamad\u0131klar\u0131 \u015feylerdir. I\u015f\u0131k g\u00f6lgeye d\u00f6n\u00fc\u015f\u00fcr ve karanl\u0131k y\u00fcreklerini doldurur. Bu karanl\u0131k, insan\u0131n i\u00e7indeki zay\u0131fl\u0131\u011f\u0131 ele ge\u00e7irir ve onu utan\u00e7 verici i\u015flere zorlar. Art\u0131k hi\u00e7bir deh\u015fet veya korku d\u0131\u015flanmaz. \u00dcmitsizlik ve \u00e7aresizlikle hepsi k\u00f6t\u00fcl\u00fck ve su\u00e7a y\u00f6nelir&#8230; Hepsi sefille\u015fmi\u015f, bozulmu\u015f birer pislik gibi g\u00f6z\u00fck\u00fcr. Fakat o denli al\u00e7alm\u0131\u015f ki\u015filerin de daha fazla al\u00e7alamayaca\u011f\u0131 bir \u00e7izgi vard\u0131r ve bu d\u00f6n\u00fcm noktas\u0131nda, d\u0131\u015f d\u00fcnya adeta yutar bu zavall\u0131, talihsiz, kimliksiz insanlar\u0131&#8230; Onlar Sefiller&#8217;dir; toplumdan d\u0131\u015flananlar&#8230;<\/p>\n<p>&#8220;Bana Sefiller kitab\u0131n\u0131n t\u00fcm halklar i\u00e7in yaz\u0131lm\u0131\u015f oldu\u011funu s\u00f6ylerken hakl\u0131s\u0131n\u0131z. Sosyal sorunlar s\u0131n\u0131rlar\u0131 a\u015f\u0131yor. \u0130nsan soyunun yaralar\u0131, yery\u00fcz\u00fcn\u00fc kaplayan o geni\u015f yaralar, haritalardaki o mavi ya da k\u0131rm\u0131z\u0131 \u00e7izgilerde durmuyor hi\u00e7. \u0130nsano\u011flunun bilgisizlik ve umutsuzluk i\u00e7inde bulundu\u011fu, \u00e7ocu\u011fun kendisini e\u011fitecek bir kitap ve \u0131s\u0131tacak bir ocak bulamad\u0131\u011f\u0131 i\u00e7in ac\u0131 \u00e7ekti\u011fi her yerde Sefiller kap\u0131y\u0131 \u00e7alar ve \u015f\u00f6yle der: &#8216;Sizin i\u00e7in geliyorum! A\u00e7\u0131n kap\u0131y\u0131 bana!&#8217; Uygarl\u0131\u011f\u0131n, i\u00e7inde ya\u015fad\u0131\u011f\u0131m\u0131z \u015fu alabildi\u011fine karanl\u0131k saatinde, sefilin ad\u0131 &#8216;insan&#8217;d\u0131r. O insan, b\u00fct\u00fcn iklimlerde can \u00e7eki\u015fiyor ve b\u00fct\u00fcn dillerde inliyor.<\/p>\n<p>Elimden geleni yap\u0131yorum. Evrensel ac\u0131yla ac\u0131 \u00e7ekiyor ve onu hafifletebilmek i\u00e7in \u00e7al\u0131\u015f\u0131yorum. Elimdeki g\u00fc\u00e7, bir insan\u0131n \u00e7ok zay\u0131f g\u00fcc\u00fc; \u00f6yle oldu\u011fu i\u00e7in de herkese hayk\u0131r\u0131yorum: Yard\u0131m edin bana!&#8221;<\/p>\n","protected":false},"excerpt":{"rendered":"<p>\u0130htiya\u00e7lar\u0131 fazlala\u015fan insanlar, kaynaklar\u0131n s\u0131n\u0131rlar\u0131n\u0131 zorlamaya itilir ve yollar\u0131na \u00e7\u0131kan savunmas\u0131z birinden bile irkilir. \u0130\u015f ve \u00fccretler, yiyecek ve bar\u0131nma, cesaret ve iyi niyet; hepsi sahip olamad\u0131klar\u0131 \u015feylerdir. I\u015f\u0131k g\u00f6lgeye d\u00f6n\u00fc\u015f\u00fcr ve karanl\u0131k y\u00fcreklerini doldurur. Bu karanl\u0131k, insan\u0131n i\u00e7indeki zay\u0131fl\u0131\u011f\u0131 ele ge\u00e7irir ve onu utan\u00e7 verici i\u015flere zorlar. Art\u0131k hi\u00e7bir deh\u015fet veya korku d\u0131\u015flanmaz. \u00dcmitsizlik ve \u00e7aresizlikle hepsi k\u00f6t\u00fcl\u00fck ve su\u00e7a y\u00f6nelir&#8230; Hepsi sefille\u015fmi\u015f, bozulmu\u015f birer pislik gibi g\u00f6z\u00fck\u00fcr. Fakat o denli al\u00e7alm\u0131\u015f ki\u015filerin de daha fazla al\u00e7alamayaca\u011f\u0131 bir \u00e7izgi vard\u0131r ve bu d\u00f6n\u00fcm noktas\u0131nda, d\u0131\u015f d\u00fcnya adeta yutar bu zavall\u0131, talihsiz, kimliksiz insanlar\u0131&#8230; Onlar Sefiller&#8217;dir; toplumdan d\u0131\u015flananlar&#8230;<\/p>\n<p>&#8220;Bana Sefiller kitab\u0131n\u0131n t\u00fcm halklar i\u00e7in yaz\u0131lm\u0131\u015f oldu\u011funu s\u00f6ylerken hakl\u0131s\u0131n\u0131z. Sosyal sorunlar s\u0131n\u0131rlar\u0131 a\u015f\u0131yor. \u0130nsan soyunun yaralar\u0131, yery\u00fcz\u00fcn\u00fc kaplayan o geni\u015f yaralar, haritalardaki o mavi ya da k\u0131rm\u0131z\u0131 \u00e7izgilerde durmuyor hi\u00e7. \u0130nsano\u011flunun bilgisizlik ve umutsuzluk i\u00e7inde bulundu\u011fu, \u00e7ocu\u011fun kendisini e\u011fitecek bir kitap ve \u0131s\u0131tacak bir ocak bulamad\u0131\u011f\u0131 i\u00e7in ac\u0131 \u00e7ekti\u011fi her yerde Sefiller kap\u0131y\u0131 \u00e7alar ve \u015f\u00f6yle der: &#8216;Sizin i\u00e7in geliyorum! A\u00e7\u0131n kap\u0131y\u0131 bana!&#8217; Uygarl\u0131\u011f\u0131n, i\u00e7inde ya\u015fad\u0131\u011f\u0131m\u0131z \u015fu alabildi\u011fine karanl\u0131k saatinde, sefilin ad\u0131 &#8216;insan&#8217;d\u0131r. O insan, b\u00fct\u00fcn iklimlerde can \u00e7eki\u015fiyor ve b\u00fct\u00fcn dillerde inliyor.<\/p>\n<p>Elimden geleni yap\u0131yorum. Evrensel ac\u0131yla ac\u0131 \u00e7ekiyor ve onu hafifletebilmek i\u00e7in \u00e7al\u0131\u015f\u0131yorum. Elimdeki g\u00fc\u00e7, bir insan\u0131n \u00e7ok zay\u0131f g\u00fcc\u00fc; \u00f6yle oldu\u011fu i\u00e7in de herkese hayk\u0131r\u0131yorum: Yard\u0131m edin bana!&#8221;<\/p>\n","protected":false},"featured_media":7345,"comment_status":"open","ping_status":"closed","template":"","meta":[],"class_list":["post-7344","product","type-product","status-publish","has-post-thumbnail","hentry","product_cat-edebiyat"],"_links":{"self":[{"href":"https:\/\/www.ttistanbulspor.org\/index.php\/wp-json\/wp\/v2\/product\/7344","targetHints":{"allow":["GET"]}}],"collection":[{"href":"https:\/\/www.ttistanbulspor.org\/index.php\/wp-json\/wp\/v2\/product"}],"about":[{"href":"https:\/\/www.ttistanbulspor.org\/index.php\/wp-json\/wp\/v2\/types\/product"}],"replies":[{"embeddable":true,"href":"https:\/\/www.ttistanbulspor.org\/index.php\/wp-json\/wp\/v2\/comments?post=7344"}],"wp:featuredmedia":[{"embeddable":true,"href":"https:\/\/www.ttistanbulspor.org\/index.php\/wp-json\/wp\/v2\/media\/7345"}],"wp:attachment":[{"href":"https:\/\/www.ttistanbulspor.org\/index.php\/wp-json\/wp\/v2\/media?parent=7344"}],"curies":[{"name":"wp","href":"https:\/\/api.w.org\/{rel}","templated":true}]}}