{"id":7300,"date":"2019-09-30T08:10:47","date_gmt":"2019-09-30T05:10:47","guid":{"rendered":"http:\/\/www.ttistanbulspor.org\/?post_type=product&#038;p=7300"},"modified":"2019-09-30T08:11:08","modified_gmt":"2019-09-30T05:11:08","slug":"jurnal-1-cilt","status":"publish","type":"product","link":"https:\/\/www.ttistanbulspor.org\/index.php\/urun\/jurnal-1-cilt\/","title":{"rendered":"Jurnal 1. Cilt"},"content":{"rendered":"<p>Cemil Meri\u00e7&#8217;in kendini, yak\u0131nlar\u0131n\u0131, etraf\u0131ndakileri, i\u00e7inde bulundu\u011fu d\u00fcnyay\u0131, d\u00fc\u015f\u00fcnce tarihini ve tarihimizi, kendi a\u00e7\u0131s\u0131ndan ve yal\u0131n bir \u015fekilde de\u011ferlendirdi\u011fi eseri Jurnal, yazar\u0131n g\u00fcndelik d\u00fc\u015f\u00fcncesini, ki\u015fisel maceralar\u0131n\u0131, an\u0131 ve itiraflar\u0131n\u0131, yo\u011fun duygular\u0131n\u0131, yarat\u0131\u015f g\u00fcc\u00fcn\u00fc, al\u0131\u015f\u0131lmad\u0131k yakla\u015f\u0131mlar\u0131n\u0131, g\u00fc\u00e7l\u00fc sentezlerini, engin k\u00fclt\u00fcr\u00fcn\u00fc birarada yans\u0131tan bir b\u00fcy\u00fcl\u00fc aynad\u0131r. Cemil Meri\u00e7&#8217;in en do\u011fal \u00e7ehresi ve olanca \u00e7okseslili\u011fiyle kar\u015f\u0131m\u0131za \u00e7\u0131kt\u0131\u011f\u0131 eser, yazar\u0131n\u0131 oldu\u011fu gibi tan\u0131mam\u0131za, de\u011ferlendirmemize yard\u0131m eden zengin biyografik malzeme de i\u00e7eriyor. \u0130syankar, ac\u0131mas\u0131z, \u00e7o\u011fu zaman duygusal yanlar\u0131yla bir g\u00f6n\u00fcl ve d\u00fc\u015f\u00fcnce adam\u0131na yakla\u015ft\u0131r\u0131yor bizi. Jurnal&#8217;de Cemil Meri\u00e7&#8217;in d\u00fc\u015f\u00fcncesi, karakteri, ki\u015fili\u011fi \u00e7\u0131r\u0131l\u00e7\u0131plak kar\u015f\u0131m\u0131zda. Jurnal, sonsuzla ve \u00f6l\u00fcm sonras\u0131yla bir t\u00fcr hesapla\u015fma, bir vasiyetname, bir uzun mektup. 1955&#8217;den 1983&#8217;e marjinal bir yazar\u0131n \u00f6teki y\u00fcz\u00fc. Benli\u011fi, birikimi, \u015fuuralt\u0131 ve \u015fuur\u00fcst\u00fc ile&#8230;<\/p>\n","protected":false},"excerpt":{"rendered":"<p>Cemil Meri\u00e7&#8217;in kendini, yak\u0131nlar\u0131n\u0131, etraf\u0131ndakileri, i\u00e7inde bulundu\u011fu d\u00fcnyay\u0131, d\u00fc\u015f\u00fcnce tarihini ve tarihimizi, kendi a\u00e7\u0131s\u0131ndan ve yal\u0131n bir \u015fekilde de\u011ferlendirdi\u011fi eseri Jurnal, yazar\u0131n g\u00fcndelik d\u00fc\u015f\u00fcncesini, ki\u015fisel maceralar\u0131n\u0131, an\u0131 ve itiraflar\u0131n\u0131, yo\u011fun duygular\u0131n\u0131, yarat\u0131\u015f g\u00fcc\u00fcn\u00fc, al\u0131\u015f\u0131lmad\u0131k yakla\u015f\u0131mlar\u0131n\u0131, g\u00fc\u00e7l\u00fc sentezlerini, engin k\u00fclt\u00fcr\u00fcn\u00fc birarada yans\u0131tan bir b\u00fcy\u00fcl\u00fc aynad\u0131r. Cemil Meri\u00e7&#8217;in en do\u011fal \u00e7ehresi ve olanca \u00e7okseslili\u011fiyle kar\u015f\u0131m\u0131za \u00e7\u0131kt\u0131\u011f\u0131 eser, yazar\u0131n\u0131 oldu\u011fu gibi tan\u0131mam\u0131za, de\u011ferlendirmemize yard\u0131m eden zengin biyografik malzeme de i\u00e7eriyor. \u0130syankar, ac\u0131mas\u0131z, \u00e7o\u011fu zaman duygusal yanlar\u0131yla bir g\u00f6n\u00fcl ve d\u00fc\u015f\u00fcnce adam\u0131na yakla\u015ft\u0131r\u0131yor bizi. Jurnal&#8217;de Cemil Meri\u00e7&#8217;in d\u00fc\u015f\u00fcncesi, karakteri, ki\u015fili\u011fi \u00e7\u0131r\u0131l\u00e7\u0131plak kar\u015f\u0131m\u0131zda. Jurnal, sonsuzla ve \u00f6l\u00fcm sonras\u0131yla bir t\u00fcr hesapla\u015fma, bir vasiyetname, bir uzun mektup. 1955&#8217;den 1983&#8217;e marjinal bir yazar\u0131n \u00f6teki y\u00fcz\u00fc. Benli\u011fi, birikimi, \u015fuuralt\u0131 ve \u015fuur\u00fcst\u00fc ile&#8230;<\/p>\n","protected":false},"featured_media":7301,"comment_status":"open","ping_status":"closed","template":"","meta":[],"class_list":["post-7300","product","type-product","status-publish","has-post-thumbnail","hentry","product_cat-sosyoloji"],"_links":{"self":[{"href":"https:\/\/www.ttistanbulspor.org\/index.php\/wp-json\/wp\/v2\/product\/7300","targetHints":{"allow":["GET"]}}],"collection":[{"href":"https:\/\/www.ttistanbulspor.org\/index.php\/wp-json\/wp\/v2\/product"}],"about":[{"href":"https:\/\/www.ttistanbulspor.org\/index.php\/wp-json\/wp\/v2\/types\/product"}],"replies":[{"embeddable":true,"href":"https:\/\/www.ttistanbulspor.org\/index.php\/wp-json\/wp\/v2\/comments?post=7300"}],"wp:featuredmedia":[{"embeddable":true,"href":"https:\/\/www.ttistanbulspor.org\/index.php\/wp-json\/wp\/v2\/media\/7301"}],"wp:attachment":[{"href":"https:\/\/www.ttistanbulspor.org\/index.php\/wp-json\/wp\/v2\/media?parent=7300"}],"curies":[{"name":"wp","href":"https:\/\/api.w.org\/{rel}","templated":true}]}}