{"id":7296,"date":"2019-09-25T15:34:26","date_gmt":"2019-09-25T12:34:26","guid":{"rendered":"http:\/\/www.ttistanbulspor.org\/?post_type=product&#038;p=7296"},"modified":"2019-09-25T15:34:30","modified_gmt":"2019-09-25T12:34:30","slug":"osmanli-kadin-telefon-memureleri-1913","status":"publish","type":"product","link":"https:\/\/www.ttistanbulspor.org\/index.php\/urun\/osmanli-kadin-telefon-memureleri-1913\/","title":{"rendered":"OSMANLI KADIN TELEFON MEMURELER\u0130 1913"},"content":{"rendered":"<p>&#8220;Bu \u00e7al\u0131\u015fmam\u0131zda Amerikan, \u0130ngiliz ve Frans\u0131z ortak sermayesiyle kurulmu\u015f olan \u0130stanbul Telefon \u015eirketi&#8217;nin Osmanl\u0131 \u0130mparatorlu\u011fu&#8217;nun ba\u015fkenti \u0130stanbul&#8217;da uygulamaya koydu\u011fu istihdam politikalar\u0131 hakk\u0131nda yaz\u0131lm\u0131\u015f ilgin\u00e7 bir hik\u00e2ye bulacaks\u0131n\u0131z.<\/p>\n<p>1913 y\u0131l\u0131nda \u0130stanbul Telefon \u015eirketi&#8217;nin santral memureli\u011fi i\u00e7in verdi\u011fi ilanlara Kad\u0131nlar D\u00fcnyas\u0131 dergisi \u00e7evresinin ola\u011fan\u00fcst\u00fc ilgi g\u00f6stermesiyle, M\u00fcsl\u00fcman Osmanl\u0131 kad\u0131nlar\u0131ndan daha \u00e7ok gayri-M\u00fcslim kesimin kad\u0131nlar\u0131n\u0131 bu i\u015fe lay\u0131k g\u00f6ren Telefon \u015eirketi&#8217;nin onlara direni\u015fi ve b\u00fcy\u00fck m\u00fccadelelerin sonucunda yedi M\u00fcsl\u00fcman kad\u0131n\u0131n\u0131n i\u015fe al\u0131nmas\u0131n\u0131n bir hik\u00e2yesi.<\/p>\n<p>Bu kitap asl\u0131nda, basit bir i\u015fe alma-almama olay\u0131n\u0131n derinlemesine bir analizi. Osmanl\u0131 kad\u0131nlar\u0131n\u0131n tarihi \u00fczerine yaz\u0131lm\u0131\u015f pek \u00e7ok kitapta bile do\u011fru d\u00fcr\u00fcst yer almayan, &#8220;mikro,&#8221; yani tek c\u00fcmle ile \u00f6zetlenebilecek kadar k\u00fc\u00e7\u00fck bir olay\u0131n ayr\u0131nt\u0131l\u0131 bir \u015fekilde incelenmesiyle elde edilmi\u015f &#8220;makro&#8221; bir \u00e7al\u0131\u015fma.<\/p>\n<p>\u00c7al\u0131\u015fma hayat\u0131na at\u0131lmak isteyen M\u00fcsl\u00fcman Osmanl\u0131 kad\u0131nlar\u0131n\u0131n i\u015f bulmakta kar\u015f\u0131la\u015ft\u0131klar\u0131 g\u00fc\u00e7l\u00fckleri incelemek amac\u0131yla haz\u0131rlad\u0131\u011f\u0131m\u0131z bu kitapta, telefonun \u0130stanbul&#8217;a geli\u015finin hik\u00e2yesini, \u0130stanbul Telefon \u015eirketi&#8217;nin kurulu\u015f \u00f6yk\u00fcs\u00fcn\u00fc, telefon santral memurelerinin \u00e7al\u0131\u015fma ko\u015fullar\u0131n\u0131, \u015firketin santral memureleri almak i\u00e7in verdi\u011fi ilanlara Kad\u0131nlar D\u00fcnyas\u0131 dergisi \u00e7evresinin g\u00f6sterdi\u011fi b\u00fcy\u00fck ilgiyi ve bu \u00e7evrenin aday\u0131 olan Ay\u015fe Bedr\u00e2 Osm\u00e2n Han\u0131m ve arkada\u015flar\u0131n\u0131n M\u00fcsl\u00fcman Osmanl\u0131 kad\u0131nlar\u0131n\u0131 i\u015fe almakta teredd\u00fct eden \u0130stanbul Telefon \u015eirketi&#8217;ne kar\u015f\u0131 giri\u015ftikleri hakl\u0131 m\u00fccadelenin ayr\u0131nt\u0131lar\u0131n\u0131 okuyacaks\u0131n\u0131z.&#8221;<\/p>\n","protected":false},"excerpt":{"rendered":"<p>&#8220;Bu \u00e7al\u0131\u015fmam\u0131zda Amerikan, \u0130ngiliz ve Frans\u0131z ortak sermayesiyle kurulmu\u015f olan \u0130stanbul Telefon \u015eirketi&#8217;nin Osmanl\u0131 \u0130mparatorlu\u011fu&#8217;nun ba\u015fkenti \u0130stanbul&#8217;da uygulamaya koydu\u011fu istihdam politikalar\u0131 hakk\u0131nda yaz\u0131lm\u0131\u015f ilgin\u00e7 bir hik\u00e2ye bulacaks\u0131n\u0131z.<\/p>\n<p>1913 y\u0131l\u0131nda \u0130stanbul Telefon \u015eirketi&#8217;nin santral memureli\u011fi i\u00e7in verdi\u011fi ilanlara Kad\u0131nlar D\u00fcnyas\u0131 dergisi \u00e7evresinin ola\u011fan\u00fcst\u00fc ilgi g\u00f6stermesiyle, M\u00fcsl\u00fcman Osmanl\u0131 kad\u0131nlar\u0131ndan daha \u00e7ok gayri-M\u00fcslim kesimin kad\u0131nlar\u0131n\u0131 bu i\u015fe lay\u0131k g\u00f6ren Telefon \u015eirketi&#8217;nin onlara direni\u015fi ve b\u00fcy\u00fck m\u00fccadelelerin sonucunda yedi M\u00fcsl\u00fcman kad\u0131n\u0131n\u0131n i\u015fe al\u0131nmas\u0131n\u0131n bir hik\u00e2yesi.<\/p>\n<p>Bu kitap asl\u0131nda, basit bir i\u015fe alma-almama olay\u0131n\u0131n derinlemesine bir analizi. Osmanl\u0131 kad\u0131nlar\u0131n\u0131n tarihi \u00fczerine yaz\u0131lm\u0131\u015f pek \u00e7ok kitapta bile do\u011fru d\u00fcr\u00fcst yer almayan, &#8220;mikro,&#8221; yani tek c\u00fcmle ile \u00f6zetlenebilecek kadar k\u00fc\u00e7\u00fck bir olay\u0131n ayr\u0131nt\u0131l\u0131 bir \u015fekilde incelenmesiyle elde edilmi\u015f &#8220;makro&#8221; bir \u00e7al\u0131\u015fma.<\/p>\n<p>\u00c7al\u0131\u015fma hayat\u0131na at\u0131lmak isteyen M\u00fcsl\u00fcman Osmanl\u0131 kad\u0131nlar\u0131n\u0131n i\u015f bulmakta kar\u015f\u0131la\u015ft\u0131klar\u0131 g\u00fc\u00e7l\u00fckleri incelemek amac\u0131yla haz\u0131rlad\u0131\u011f\u0131m\u0131z bu kitapta, telefonun \u0130stanbul&#8217;a geli\u015finin hik\u00e2yesini, \u0130stanbul Telefon \u015eirketi&#8217;nin kurulu\u015f \u00f6yk\u00fcs\u00fcn\u00fc, telefon santral memurelerinin \u00e7al\u0131\u015fma ko\u015fullar\u0131n\u0131, \u015firketin santral memureleri almak i\u00e7in verdi\u011fi ilanlara Kad\u0131nlar D\u00fcnyas\u0131 dergisi \u00e7evresinin g\u00f6sterdi\u011fi b\u00fcy\u00fck ilgiyi ve bu \u00e7evrenin aday\u0131 olan Ay\u015fe Bedr\u00e2 Osm\u00e2n Han\u0131m ve arkada\u015flar\u0131n\u0131n M\u00fcsl\u00fcman Osmanl\u0131 kad\u0131nlar\u0131n\u0131 i\u015fe almakta teredd\u00fct eden \u0130stanbul Telefon \u015eirketi&#8217;ne kar\u015f\u0131 giri\u015ftikleri hakl\u0131 m\u00fccadelenin ayr\u0131nt\u0131lar\u0131n\u0131 okuyacaks\u0131n\u0131z.&#8221;<\/p>\n","protected":false},"featured_media":7297,"comment_status":"open","ping_status":"closed","template":"","meta":[],"class_list":["post-7296","product","type-product","status-publish","has-post-thumbnail","hentry","product_cat-osmanli-tarihi"],"_links":{"self":[{"href":"https:\/\/www.ttistanbulspor.org\/index.php\/wp-json\/wp\/v2\/product\/7296","targetHints":{"allow":["GET"]}}],"collection":[{"href":"https:\/\/www.ttistanbulspor.org\/index.php\/wp-json\/wp\/v2\/product"}],"about":[{"href":"https:\/\/www.ttistanbulspor.org\/index.php\/wp-json\/wp\/v2\/types\/product"}],"replies":[{"embeddable":true,"href":"https:\/\/www.ttistanbulspor.org\/index.php\/wp-json\/wp\/v2\/comments?post=7296"}],"wp:featuredmedia":[{"embeddable":true,"href":"https:\/\/www.ttistanbulspor.org\/index.php\/wp-json\/wp\/v2\/media\/7297"}],"wp:attachment":[{"href":"https:\/\/www.ttistanbulspor.org\/index.php\/wp-json\/wp\/v2\/media?parent=7296"}],"curies":[{"name":"wp","href":"https:\/\/api.w.org\/{rel}","templated":true}]}}