{"id":7197,"date":"2019-09-24T14:30:33","date_gmt":"2019-09-24T11:30:33","guid":{"rendered":"http:\/\/www.ttistanbulspor.org\/?post_type=product&#038;p=7197"},"modified":"2019-09-24T14:31:04","modified_gmt":"2019-09-24T11:31:04","slug":"reisin-kara-merhemi","status":"publish","type":"product","link":"https:\/\/www.ttistanbulspor.org\/index.php\/urun\/reisin-kara-merhemi\/","title":{"rendered":"RE\u0130S&#8217;\u0130N KARA MERHEM\u0130"},"content":{"rendered":"<p>Reis\u2019in Kara Merhemi, Hakan Arslanbenzer\u2019in imgeci d\u00f6nemine ait verimleri bar\u0131nd\u0131ran bir kitap. \u015eairin gerek hayal g\u00fcc\u00fc gerekse s\u00f6yleyi\u015f bak\u0131mdan deneysel i\u015flerinin bir k\u0131sm\u0131 bu kitapta yer al\u0131yor. Arkada\u015fl\u0131k, \u00e7ocukluk an\u0131lar\u0131 ve gen\u00e7li\u011fin sava\u015f\u00e7\u0131 ruhu Reis\u2019in Kara Merhemi\u2019ni kat eden temalar olarak \u00f6ne \u00e7\u0131k\u0131yor. Reis\u2019in, \u00dcstad\u2019\u0131n, Ecnebi ile Son Yerli\u2019nin, Lordlar ile G\u00f6\u00e7ebe\u2019nin yery\u00fcz\u00fc maceras\u0131 bu kitapta.<\/p>\n","protected":false},"excerpt":{"rendered":"<p>Reis\u2019in Kara Merhemi, Hakan Arslanbenzer\u2019in imgeci d\u00f6nemine ait verimleri bar\u0131nd\u0131ran bir kitap. \u015eairin gerek hayal g\u00fcc\u00fc gerekse s\u00f6yleyi\u015f bak\u0131mdan deneysel i\u015flerinin bir k\u0131sm\u0131 bu kitapta yer al\u0131yor. Arkada\u015fl\u0131k, \u00e7ocukluk an\u0131lar\u0131 ve gen\u00e7li\u011fin sava\u015f\u00e7\u0131 ruhu Reis\u2019in Kara Merhemi\u2019ni kat eden temalar olarak \u00f6ne \u00e7\u0131k\u0131yor. Reis\u2019in, \u00dcstad\u2019\u0131n, Ecnebi ile Son Yerli\u2019nin, Lordlar ile G\u00f6\u00e7ebe\u2019nin yery\u00fcz\u00fc maceras\u0131 bu kitapta.<\/p>\n","protected":false},"featured_media":7198,"comment_status":"open","ping_status":"closed","template":"","meta":[],"class_list":["post-7197","product","type-product","status-publish","has-post-thumbnail","hentry","product_cat-turk-edebiyati"],"_links":{"self":[{"href":"https:\/\/www.ttistanbulspor.org\/index.php\/wp-json\/wp\/v2\/product\/7197","targetHints":{"allow":["GET"]}}],"collection":[{"href":"https:\/\/www.ttistanbulspor.org\/index.php\/wp-json\/wp\/v2\/product"}],"about":[{"href":"https:\/\/www.ttistanbulspor.org\/index.php\/wp-json\/wp\/v2\/types\/product"}],"replies":[{"embeddable":true,"href":"https:\/\/www.ttistanbulspor.org\/index.php\/wp-json\/wp\/v2\/comments?post=7197"}],"wp:featuredmedia":[{"embeddable":true,"href":"https:\/\/www.ttistanbulspor.org\/index.php\/wp-json\/wp\/v2\/media\/7198"}],"wp:attachment":[{"href":"https:\/\/www.ttistanbulspor.org\/index.php\/wp-json\/wp\/v2\/media?parent=7197"}],"curies":[{"name":"wp","href":"https:\/\/api.w.org\/{rel}","templated":true}]}}