{"id":7145,"date":"2019-09-24T08:14:54","date_gmt":"2019-09-24T05:14:54","guid":{"rendered":"http:\/\/www.ttistanbulspor.org\/?post_type=product&#038;p=7145"},"modified":"2019-09-24T08:15:04","modified_gmt":"2019-09-24T05:15:04","slug":"safahat","status":"publish","type":"product","link":"https:\/\/www.ttistanbulspor.org\/index.php\/urun\/safahat\/","title":{"rendered":"SAFAHAT"},"content":{"rendered":"<p>Mehmed \u00c2kif Ersoy, yak\u0131n tarihimizin en b\u00fcy\u00fck mill\u00ee \u015fairi, \u00e7ok \u00f6nemli bir d\u00fc\u015f\u00fcnce adam\u0131 ve y\u00fcksek ahl\u00e2k\u0131 ile \u00f6rnek bir \u015fahsiyetidir. Edebiyat\u0131m\u0131zda yeni bir \u00e7\u0131\u011f\u0131r a\u00e7an \u015fiirleri, fikir hayat\u0131m\u0131za derin tesirler yapm\u0131\u015f olan dergisi, yaz\u0131 ve terc\u00fcmeleri ve nihayet Mill\u00ee M\u00fccadele y\u0131llar\u0131ndaki b\u00fcy\u00fck hizmetleriyle birlikte \u201c\u0130stikl\u00e2l Mar\u015f\u0131\u201dm\u0131z\u0131n da yazar\u0131 olmas\u0131, kendisini, milletimizin \u00e7ok sevdi\u011fi, unutulmaz bir kahraman olarak tarihe ve mill\u00ee haf\u0131zam\u0131za yazd\u0131rm\u0131\u015ft\u0131r.<\/p>\n<p>Elinizdeki eserde, Mehmed \u00c2kif Ersoy\u2019un \u015fiirlerini toplad\u0131\u011f\u0131 yedi kitapl\u0131k bir k\u00fclliyat olan \u201cSafahat\u201d\u0131n yan\u0131 s\u0131ra, \u015fairin bu k\u00fclliyata dahil etmedi\u011fi \u015fiirleri de yer almaktad\u0131r.<\/p>\n","protected":false},"excerpt":{"rendered":"<p>Mehmed \u00c2kif Ersoy, yak\u0131n tarihimizin en b\u00fcy\u00fck mill\u00ee \u015fairi, \u00e7ok \u00f6nemli bir d\u00fc\u015f\u00fcnce adam\u0131 ve y\u00fcksek ahl\u00e2k\u0131 ile \u00f6rnek bir \u015fahsiyetidir. Edebiyat\u0131m\u0131zda yeni bir \u00e7\u0131\u011f\u0131r a\u00e7an \u015fiirleri, fikir hayat\u0131m\u0131za derin tesirler yapm\u0131\u015f olan dergisi, yaz\u0131 ve terc\u00fcmeleri ve nihayet Mill\u00ee M\u00fccadele y\u0131llar\u0131ndaki b\u00fcy\u00fck hizmetleriyle birlikte \u201c\u0130stikl\u00e2l Mar\u015f\u0131\u201dm\u0131z\u0131n da yazar\u0131 olmas\u0131, kendisini, milletimizin \u00e7ok sevdi\u011fi, unutulmaz bir kahraman olarak tarihe ve mill\u00ee haf\u0131zam\u0131za yazd\u0131rm\u0131\u015ft\u0131r.<\/p>\n<p>Elinizdeki eserde, Mehmed \u00c2kif Ersoy\u2019un \u015fiirlerini toplad\u0131\u011f\u0131 yedi kitapl\u0131k bir k\u00fclliyat olan \u201cSafahat\u201d\u0131n yan\u0131 s\u0131ra, \u015fairin bu k\u00fclliyata dahil etmedi\u011fi \u015fiirleri de yer almaktad\u0131r.<\/p>\n","protected":false},"featured_media":7146,"comment_status":"open","ping_status":"closed","template":"","meta":[],"class_list":["post-7145","product","type-product","status-publish","has-post-thumbnail","hentry","product_cat-turk-klasik"],"_links":{"self":[{"href":"https:\/\/www.ttistanbulspor.org\/index.php\/wp-json\/wp\/v2\/product\/7145","targetHints":{"allow":["GET"]}}],"collection":[{"href":"https:\/\/www.ttistanbulspor.org\/index.php\/wp-json\/wp\/v2\/product"}],"about":[{"href":"https:\/\/www.ttistanbulspor.org\/index.php\/wp-json\/wp\/v2\/types\/product"}],"replies":[{"embeddable":true,"href":"https:\/\/www.ttistanbulspor.org\/index.php\/wp-json\/wp\/v2\/comments?post=7145"}],"wp:featuredmedia":[{"embeddable":true,"href":"https:\/\/www.ttistanbulspor.org\/index.php\/wp-json\/wp\/v2\/media\/7146"}],"wp:attachment":[{"href":"https:\/\/www.ttistanbulspor.org\/index.php\/wp-json\/wp\/v2\/media?parent=7145"}],"curies":[{"name":"wp","href":"https:\/\/api.w.org\/{rel}","templated":true}]}}