{"id":7113,"date":"2019-09-23T14:02:02","date_gmt":"2019-09-23T11:02:02","guid":{"rendered":"http:\/\/www.ttistanbulspor.org\/?post_type=product&#038;p=7113"},"modified":"2019-09-23T14:02:08","modified_gmt":"2019-09-23T11:02:08","slug":"cebelavi-sokaginin-cocuklari","status":"publish","type":"product","link":"https:\/\/www.ttistanbulspor.org\/index.php\/urun\/cebelavi-sokaginin-cocuklari\/","title":{"rendered":"CEBELAV\u0130 SOKA\u011eI&#8217;NIN \u00c7OCUKLARI"},"content":{"rendered":"<p>Mukattam \u00c7\u00f6l\u00fc&#8217;n\u00fcn k\u0131y\u0131s\u0131nda, ad\u0131n\u0131n verildi\u011fi sokakta, y\u00fcksek duvarlar\u0131n \u00e7evreledi\u011fi muhte\u015fem kona\u011f\u0131nda ya\u015fayan kudretli Cebelavi, topraklar\u0131n\u0131n ve m\u00fclklerinin idaresini be\u015f o\u011flundan biri olan Edhem&#8217;e b\u0131rak\u0131r. Ancak Edhem&#8217;in babas\u0131na ihaneti, konaktan kovulmas\u0131yla sonu\u00e7lan\u0131r. Cebelavi&#8217;nin o\u011fullar\u0131 ve torunlar\u0131ndan Cebel, R\u0131fat ve Kas\u0131m, ondan ald\u0131klar\u0131 i\u015faretler ve manevi g\u00fc\u00e7le, soka\u011f\u0131n y\u00f6netimini ele ge\u00e7irir, \u00e7etelerin elindeki yoksul halklar\u0131na yard\u0131mc\u0131 olmaya, bar\u0131\u015f sa\u011flay\u0131p adil bir d\u00fczen kurmaya \u00e7abalarlar. Ama\u00e7lar\u0131 ayn\u0131 olsa da yollar\u0131 farkl\u0131d\u0131r. Cebelavi&#8217;nin \u00e7ocuklar\u0131 ve torunlar\u0131n\u0131n hik\u00e2yeleri, birbirine ge\u00e7erek ilerler. Sokaktaki herkesin ve her \u015feyin sahibi olan, ad\u0131 efsanele\u015fen Cebelavi&#8217;nin s\u0131rr\u0131n\u0131 \u00e7\u00f6zmeye \u00e7al\u0131\u015f\u0131rken beklenmedik olaylara yol a\u00e7an torunu Arif&#8217;in d\u00f6nemi, bu tuhaf soka\u011f\u0131n ve sakinlerinin hayat\u0131nda farkl\u0131 ama kal\u0131c\u0131 bir sayfa a\u00e7acakt\u0131r.<br \/>\nM\u0131s\u0131r&#8217;da y\u0131llarca yasaklanan Cebelavi Soka\u011f\u0131&#8217;n\u0131n \u00c7ocuklar\u0131, hem b\u00fct\u00fcn bir soyun hem de peygamberleri, efsaneleri ve g\u00fcn\u00fcm\u00fcze g\u00f6ndermeleriyle, ayn\u0131 soydan gelenlerin d\u00fc\u015fmanl\u0131klar\u0131, sava\u015flar\u0131,<br \/>\niktidar h\u0131rslar\u0131, a\u015fklar\u0131 ve mucizeleri \u00fczerinden insanl\u0131\u011f\u0131n evrensel ve<br \/>\nruhani \u00f6yk\u00fcs\u00fcn\u00fc anlat\u0131yor.<\/p>\n","protected":false},"excerpt":{"rendered":"<p>Mukattam \u00c7\u00f6l\u00fc&#8217;n\u00fcn k\u0131y\u0131s\u0131nda, ad\u0131n\u0131n verildi\u011fi sokakta, y\u00fcksek duvarlar\u0131n \u00e7evreledi\u011fi muhte\u015fem kona\u011f\u0131nda ya\u015fayan kudretli Cebelavi, topraklar\u0131n\u0131n ve m\u00fclklerinin idaresini be\u015f o\u011flundan biri olan Edhem&#8217;e b\u0131rak\u0131r. Ancak Edhem&#8217;in babas\u0131na ihaneti, konaktan kovulmas\u0131yla sonu\u00e7lan\u0131r. Cebelavi&#8217;nin o\u011fullar\u0131 ve torunlar\u0131ndan Cebel, R\u0131fat ve Kas\u0131m, ondan ald\u0131klar\u0131 i\u015faretler ve manevi g\u00fc\u00e7le, soka\u011f\u0131n y\u00f6netimini ele ge\u00e7irir, \u00e7etelerin elindeki yoksul halklar\u0131na yard\u0131mc\u0131 olmaya, bar\u0131\u015f sa\u011flay\u0131p adil bir d\u00fczen kurmaya \u00e7abalarlar. Ama\u00e7lar\u0131 ayn\u0131 olsa da yollar\u0131 farkl\u0131d\u0131r. Cebelavi&#8217;nin \u00e7ocuklar\u0131 ve torunlar\u0131n\u0131n hik\u00e2yeleri, birbirine ge\u00e7erek ilerler. Sokaktaki herkesin ve her \u015feyin sahibi olan, ad\u0131 efsanele\u015fen Cebelavi&#8217;nin s\u0131rr\u0131n\u0131 \u00e7\u00f6zmeye \u00e7al\u0131\u015f\u0131rken beklenmedik olaylara yol a\u00e7an torunu Arif&#8217;in d\u00f6nemi, bu tuhaf soka\u011f\u0131n ve sakinlerinin hayat\u0131nda farkl\u0131 ama kal\u0131c\u0131 bir sayfa a\u00e7acakt\u0131r.<br \/>\nM\u0131s\u0131r&#8217;da y\u0131llarca yasaklanan Cebelavi Soka\u011f\u0131&#8217;n\u0131n \u00c7ocuklar\u0131, hem b\u00fct\u00fcn bir soyun hem de peygamberleri, efsaneleri ve g\u00fcn\u00fcm\u00fcze g\u00f6ndermeleriyle, ayn\u0131 soydan gelenlerin d\u00fc\u015fmanl\u0131klar\u0131, sava\u015flar\u0131,<br \/>\niktidar h\u0131rslar\u0131, a\u015fklar\u0131 ve mucizeleri \u00fczerinden insanl\u0131\u011f\u0131n evrensel ve<br \/>\nruhani \u00f6yk\u00fcs\u00fcn\u00fc anlat\u0131yor.<\/p>\n","protected":false},"featured_media":7114,"comment_status":"open","ping_status":"closed","template":"","meta":[],"class_list":["post-7113","product","type-product","status-publish","has-post-thumbnail","hentry","product_cat-dunya-roman"],"_links":{"self":[{"href":"https:\/\/www.ttistanbulspor.org\/index.php\/wp-json\/wp\/v2\/product\/7113","targetHints":{"allow":["GET"]}}],"collection":[{"href":"https:\/\/www.ttistanbulspor.org\/index.php\/wp-json\/wp\/v2\/product"}],"about":[{"href":"https:\/\/www.ttistanbulspor.org\/index.php\/wp-json\/wp\/v2\/types\/product"}],"replies":[{"embeddable":true,"href":"https:\/\/www.ttistanbulspor.org\/index.php\/wp-json\/wp\/v2\/comments?post=7113"}],"wp:featuredmedia":[{"embeddable":true,"href":"https:\/\/www.ttistanbulspor.org\/index.php\/wp-json\/wp\/v2\/media\/7114"}],"wp:attachment":[{"href":"https:\/\/www.ttistanbulspor.org\/index.php\/wp-json\/wp\/v2\/media?parent=7113"}],"curies":[{"name":"wp","href":"https:\/\/api.w.org\/{rel}","templated":true}]}}