{"id":7084,"date":"2019-09-23T10:19:00","date_gmt":"2019-09-23T07:19:00","guid":{"rendered":"http:\/\/www.ttistanbulspor.org\/?post_type=product&#038;p=7084"},"modified":"2019-09-23T10:19:19","modified_gmt":"2019-09-23T07:19:19","slug":"eylul","status":"publish","type":"product","link":"https:\/\/www.ttistanbulspor.org\/index.php\/urun\/eylul\/","title":{"rendered":"EYL\u00dcL"},"content":{"rendered":"<p>Klasikler, \u00f6l\u00fcms\u00fcz olmad\u0131klar\u0131 i\u00e7in de\u011fil s\u00fcrekli okunduklar\u0131 i\u00e7in de de\u011ferlidirler.<\/p>\n<p>Bizim klasiklerimiz ba\u015flang\u0131\u00e7ta baz\u0131 eksiklik ve acemilik ta\u015f\u0131salar bile bu onlar\u0131n kurucu olma \u00f6zelliklerini de\u011fi\u015ftirmez. Dil kadar hayat da yeniden kurulur onlarda. D\u00fcnk\u00fc nesiller taraf\u0131ndan a\u011f\u0131r aksak da olsa okunan, sevilen ve hayat\u0131m\u0131z\u0131n bir par\u00e7as\u0131na d\u00f6n\u00fc\u015fen bu eserler bir kez daha ve g\u00fcn\u00fcn zevkleri ve tercihleri g\u00f6zetilerek \u00e7\u0131k\u0131yor g\u00fcn y\u00fcz\u00fcne. Okunduk\u00e7a sevilecek bu eserler d\u00fcn\u00fc selamlad\u0131\u011f\u0131 kadar gelece\u011fi kurmaya aday. A\u015fk, dil, kurgu b\u00fct\u00fcn saf l\u0131\u011f\u0131yla g\u00f6z k\u0131rp\u0131yor. Yeniden&#8230;<\/p>\n<p>Yasak a\u015fk\u0131n heyecan\u0131, imk\u00e2ns\u0131zl\u0131\u011f\u0131, \u015f\u00fcpheler, k\u0131skan\u00e7l\u0131klar, vicdan azaplar\u0131, \u00f6fke ve tutku, \u201ckad\u0131nl\u0131k\u201d ve \u201cerkeklik\u201d halleri, \u0130stanbul\u2019un mek\u00e2nlar\u0131 ve mevsimleriyle uyumlu bir \u015fekilde yans\u0131r romana&#8230; Bu y\u00fczden de Eyl\u00fcl, o \u00e7ok \u00a0s\u00f6ylenen \u201cger\u00e7ek anlamdaki ilk psikolojik roman\u201d nitelendirmesini sonuna kadar hak eder.<\/p>\n","protected":false},"excerpt":{"rendered":"<p>Klasikler, \u00f6l\u00fcms\u00fcz olmad\u0131klar\u0131 i\u00e7in de\u011fil s\u00fcrekli okunduklar\u0131 i\u00e7in de de\u011ferlidirler.<\/p>\n<p>Bizim klasiklerimiz ba\u015flang\u0131\u00e7ta baz\u0131 eksiklik ve acemilik ta\u015f\u0131salar bile bu onlar\u0131n kurucu olma \u00f6zelliklerini de\u011fi\u015ftirmez. Dil kadar hayat da yeniden kurulur onlarda. D\u00fcnk\u00fc nesiller taraf\u0131ndan a\u011f\u0131r aksak da olsa okunan, sevilen ve hayat\u0131m\u0131z\u0131n bir par\u00e7as\u0131na d\u00f6n\u00fc\u015fen bu eserler bir kez daha ve g\u00fcn\u00fcn zevkleri ve tercihleri g\u00f6zetilerek \u00e7\u0131k\u0131yor g\u00fcn y\u00fcz\u00fcne. Okunduk\u00e7a sevilecek bu eserler d\u00fcn\u00fc selamlad\u0131\u011f\u0131 kadar gelece\u011fi kurmaya aday. A\u015fk, dil, kurgu b\u00fct\u00fcn saf l\u0131\u011f\u0131yla g\u00f6z k\u0131rp\u0131yor. Yeniden&#8230;<\/p>\n<p>Yasak a\u015fk\u0131n heyecan\u0131, imk\u00e2ns\u0131zl\u0131\u011f\u0131, \u015f\u00fcpheler, k\u0131skan\u00e7l\u0131klar, vicdan azaplar\u0131, \u00f6fke ve tutku, \u201ckad\u0131nl\u0131k\u201d ve \u201cerkeklik\u201d halleri, \u0130stanbul\u2019un mek\u00e2nlar\u0131 ve mevsimleriyle uyumlu bir \u015fekilde yans\u0131r romana&#8230; Bu y\u00fczden de Eyl\u00fcl, o \u00e7ok \u00a0s\u00f6ylenen \u201cger\u00e7ek anlamdaki ilk psikolojik roman\u201d nitelendirmesini sonuna kadar hak eder.<\/p>\n","protected":false},"featured_media":7085,"comment_status":"open","ping_status":"closed","template":"","meta":[],"class_list":["post-7084","product","type-product","status-publish","has-post-thumbnail","hentry","product_cat-turk-klasik"],"_links":{"self":[{"href":"https:\/\/www.ttistanbulspor.org\/index.php\/wp-json\/wp\/v2\/product\/7084","targetHints":{"allow":["GET"]}}],"collection":[{"href":"https:\/\/www.ttistanbulspor.org\/index.php\/wp-json\/wp\/v2\/product"}],"about":[{"href":"https:\/\/www.ttistanbulspor.org\/index.php\/wp-json\/wp\/v2\/types\/product"}],"replies":[{"embeddable":true,"href":"https:\/\/www.ttistanbulspor.org\/index.php\/wp-json\/wp\/v2\/comments?post=7084"}],"wp:featuredmedia":[{"embeddable":true,"href":"https:\/\/www.ttistanbulspor.org\/index.php\/wp-json\/wp\/v2\/media\/7085"}],"wp:attachment":[{"href":"https:\/\/www.ttistanbulspor.org\/index.php\/wp-json\/wp\/v2\/media?parent=7084"}],"curies":[{"name":"wp","href":"https:\/\/api.w.org\/{rel}","templated":true}]}}