{"id":7079,"date":"2019-09-23T09:55:59","date_gmt":"2019-09-23T06:55:59","guid":{"rendered":"http:\/\/www.ttistanbulspor.org\/?post_type=product&#038;p=7079"},"modified":"2019-09-23T09:56:15","modified_gmt":"2019-09-23T06:56:15","slug":"sylvia-plathin-sairliginin-intihari-baglaminda-analiz","status":"publish","type":"product","link":"https:\/\/www.ttistanbulspor.org\/index.php\/urun\/sylvia-plathin-sairliginin-intihari-baglaminda-analiz\/","title":{"rendered":"Sylvia Plath&#8217;\u0131n \u015eairli\u011finin \u0130ntihar\u0131 Ba\u011flam\u0131nda Analiz"},"content":{"rendered":"<p>Sanat ve Bilim Fak\u00fcltesi Bat\u0131 Dilleri ve Edebiyatlar\u0131 B\u00f6l\u00fcm\u00fc&#8217;nden Mezun Olmak \u0130\u00e7in Gerekli Ko\u015fullar\u0131 K\u0131smen Kar\u015f\u0131lamak Amac\u0131yla Teslim Edilmi\u015f Bir TezUmar\u0131m b\u00f6ylesine emsalsiz ve belirgin bir konuda, \u015fiirlerini \u00f6l\u00fcm kavram\u0131n\u0131 derinden alg\u0131layarak yazm\u0131\u015f ve intihar\u0131nda da sanat\u0131ndaki kadar ba\u015far\u0131l\u0131 olmu\u015f bir kad\u0131n\u0131n analizini yapabilme konusunda ba\u015far\u0131s\u0131z olmam.\u00b7 Gizd\u00f6k\u00fcmc\u00fc t\u00fcr nedir ve Sylvia Plath&#8217;\u0131n \u015fairli\u011fi bu t\u00fcre ne kadar aittir?\u00b7 \u0130ntiharla sanatsal yarat\u0131 aras\u0131ndaki ili\u015fki; Sylvia Plath \u015fiirlerini ve \u00f6l\u00fcm\u00fcn\u00fc nas\u0131l yarat\u0131r?\u00b7 Kad\u0131nlar\u0131n \u015fiirlerinin ortak y\u00f6nlerini ve k\u0131s\u0131tlamalar\u0131 bar\u0131nd\u0131rma \u00f6l\u00e7\u00fcs\u00fc\u00b7 Plath&#8217;\u0131n d\u00fczyaz\u0131lar\u0131yla \u015fiirleri aras\u0131ndaki temel farklar; kurgusal metinleriyle dizeleri aras\u0131nda baz\u0131 kar\u015f\u0131la\u015ft\u0131rmalar\u00b7 \u00d6nceki b\u00f6l\u00fcmlerin \u00e7\u0131kar\u0131mlar\u0131 \u0131\u015f\u0131\u011f\u0131nda, S. Plath&#8217;\u0131n baz\u0131 \u015fiirlerinin kronolojik bir analizi<\/p>\n","protected":false},"excerpt":{"rendered":"<p>Sanat ve Bilim Fak\u00fcltesi Bat\u0131 Dilleri ve Edebiyatlar\u0131 B\u00f6l\u00fcm\u00fc&#8217;nden Mezun Olmak \u0130\u00e7in Gerekli Ko\u015fullar\u0131 K\u0131smen Kar\u015f\u0131lamak Amac\u0131yla Teslim Edilmi\u015f Bir TezUmar\u0131m b\u00f6ylesine emsalsiz ve belirgin bir konuda, \u015fiirlerini \u00f6l\u00fcm kavram\u0131n\u0131 derinden alg\u0131layarak yazm\u0131\u015f ve intihar\u0131nda da sanat\u0131ndaki kadar ba\u015far\u0131l\u0131 olmu\u015f bir kad\u0131n\u0131n analizini yapabilme konusunda ba\u015far\u0131s\u0131z olmam.\u00b7 Gizd\u00f6k\u00fcmc\u00fc t\u00fcr nedir ve Sylvia Plath&#8217;\u0131n \u015fairli\u011fi bu t\u00fcre ne kadar aittir?\u00b7 \u0130ntiharla sanatsal yarat\u0131 aras\u0131ndaki ili\u015fki; Sylvia Plath \u015fiirlerini ve \u00f6l\u00fcm\u00fcn\u00fc nas\u0131l yarat\u0131r?\u00b7 Kad\u0131nlar\u0131n \u015fiirlerinin ortak y\u00f6nlerini ve k\u0131s\u0131tlamalar\u0131 bar\u0131nd\u0131rma \u00f6l\u00e7\u00fcs\u00fc\u00b7 Plath&#8217;\u0131n d\u00fczyaz\u0131lar\u0131yla \u015fiirleri aras\u0131ndaki temel farklar; kurgusal metinleriyle dizeleri aras\u0131nda baz\u0131 kar\u015f\u0131la\u015ft\u0131rmalar\u00b7 \u00d6nceki b\u00f6l\u00fcmlerin \u00e7\u0131kar\u0131mlar\u0131 \u0131\u015f\u0131\u011f\u0131nda, S. Plath&#8217;\u0131n baz\u0131 \u015fiirlerinin kronolojik bir analizi<\/p>\n","protected":false},"featured_media":7080,"comment_status":"open","ping_status":"closed","template":"","meta":[],"class_list":["post-7079","product","type-product","status-publish","has-post-thumbnail","hentry","product_cat-edebiyat-incelem"],"_links":{"self":[{"href":"https:\/\/www.ttistanbulspor.org\/index.php\/wp-json\/wp\/v2\/product\/7079","targetHints":{"allow":["GET"]}}],"collection":[{"href":"https:\/\/www.ttistanbulspor.org\/index.php\/wp-json\/wp\/v2\/product"}],"about":[{"href":"https:\/\/www.ttistanbulspor.org\/index.php\/wp-json\/wp\/v2\/types\/product"}],"replies":[{"embeddable":true,"href":"https:\/\/www.ttistanbulspor.org\/index.php\/wp-json\/wp\/v2\/comments?post=7079"}],"wp:featuredmedia":[{"embeddable":true,"href":"https:\/\/www.ttistanbulspor.org\/index.php\/wp-json\/wp\/v2\/media\/7080"}],"wp:attachment":[{"href":"https:\/\/www.ttistanbulspor.org\/index.php\/wp-json\/wp\/v2\/media?parent=7079"}],"curies":[{"name":"wp","href":"https:\/\/api.w.org\/{rel}","templated":true}]}}