{"id":7006,"date":"2019-09-18T11:20:24","date_gmt":"2019-09-18T08:20:24","guid":{"rendered":"http:\/\/www.ttistanbulspor.org\/?post_type=product&#038;p=7006"},"modified":"2019-09-18T11:20:42","modified_gmt":"2019-09-18T08:20:42","slug":"latife-hanimin-kagitlari-acilan-sanduka-2","status":"publish","type":"product","link":"https:\/\/www.ttistanbulspor.org\/index.php\/urun\/latife-hanimin-kagitlari-acilan-sanduka-2\/","title":{"rendered":"Latife Han\u0131m&#8217;\u0131n Ka\u011f\u0131tlar\u0131 A\u00e7\u0131lan Sanduka"},"content":{"rendered":"<p>Latife Han\u0131m\u2026 Tan\u0131d\u0131\u011f\u0131m\u0131z\u0131 sand\u0131\u011f\u0131m\u0131z ama asl\u0131nda birka\u00e7 kare resmin i\u00e7ine hapsedilmi\u015f bir kad\u0131n. \u00c7ankaya\u2019n\u0131n uzun s\u00fcren sofralar\u0131ndan hiddetle kalkan, K\u00f6\u015fk\u2019e ve Mustafa Kemal\u2019e nizam vermeye \u00e7al\u0131\u015fan, \u201ckiminle evli oldu\u011funu bilmemek\u201dle \u201csu\u00e7lanan\u201d, bask\u0131n ve otoriter bir karakter.<\/p>\n<p>Oysa bu foto\u011fraf, U\u015fakizade Latife\u2019nin sadece bir y\u00f6n\u00fc. Yirminci y\u00fczy\u0131l\u0131n ba\u015f\u0131nda be\u015f dil bilen, Sorbonne\u2019da hukuk ve siyasal bilgiler tahsil etmi\u015f, Frans\u0131z gazetelerinden takip etti\u011fi Milli M\u00fccadele\u2019ye inand\u0131\u011f\u0131 i\u00e7in, Fransa\u2019da kalan ailesine ra\u011fmen i\u015fgal ald\u0131ndaki \u0130zmir\u2019e d\u00f6nen bir kad\u0131n o. Genel k\u00fclt\u00fcr\u00fc ve cesareti ile etkiledi\u011fi Mustafa Kemal\u2019e evlili\u011fi d\u00fc\u015f\u00fcnd\u00fcren, gen\u00e7 Cumhuriyet\u2019in kad\u0131nlar\u0131 i\u00e7in model olan biri. Ayr\u0131l\u0131ktan sonra, tam elli y\u0131l boyunca susan ve sad\u0131k kalan bir e\u015f, yaralanm\u0131\u015f bir kalp\u2026<\/p>\n<p>Gazeteci yazar Fatih Bayhan uzun ara\u015ft\u0131rmalar neticesinde, roman\/belgesel tad\u0131nda kaleme ald\u0131\u011f\u0131 Latife Han\u0131m\u2019\u0131n K\u00e2\u011f\u0131tlar\u0131\/A\u00e7\u0131lan Sanduka\u2019da bilinmeyen bir Latife Han\u0131m\u00a0 portresi sunmakla kalm\u0131yor; ailenin bug\u00fcn hayatta olan \u00fcyelerinden birinci elden edindi\u011fi bilgileri ve Latife\u2019nin sandukas\u0131ndan \u00e7\u0131kanlar\u0131 payla\u015f\u0131yor. Son y\u0131llar\u0131n\u0131 ge\u00e7irdi\u011fi ev, kulland\u0131\u011f\u0131 e\u015fyalar, gelinli\u011fi ve \u00f6zel aksesuarlar\u0131na dair bir alb\u00fcmle zenginle\u015fen kitapta Latife Han\u0131m\u2019\u0131n \u015fimdiye kadar bilinmeyen mektuplar\u0131, terekesinden \u00e7\u0131kanlar, fikir ve ruh d\u00fcnyas\u0131n\u0131n ayr\u0131nt\u0131lar\u0131 a\u00e7\u0131\u011fa \u00e7\u0131k\u0131yor.<\/p>\n<p>\u2022 Latife Han\u0131m Yunanl\u0131lar taraf\u0131ndan neden casuslukla su\u00e7land\u0131?<\/p>\n<p>\u2022 Fransa\u2019da e\u011fitim al\u0131rken i\u015fgal alt\u0131ndaki \u0130zmir\u2019le ilgili nas\u0131l bir r\u00fcya g\u00f6r\u00fcp yurda d\u00f6nd\u00fc?<\/p>\n<p>\u2022 Z\u00fcbeyde Han\u0131m\u2019\u0131n onu istemedi\u011fi do\u011fru muydu?<\/p>\n<p>\u2022 K\u00f6\u015fk\u2019teki baz\u0131 zevat taraf\u0131ndan neden sevilmedi?<\/p>\n<p>\u2022 Evlili\u011fi ve ayr\u0131l\u0131\u011f\u0131 T\u00fcrk ve d\u00fcnya bas\u0131n\u0131nda nas\u0131l yank\u0131 buldu?<\/p>\n<p>\u2022 Terekesinden hangi kitaplar \u00e7\u0131kt\u0131?<\/p>\n<p>\u2022 Mektuplar\u0131n\u0131n sat\u0131r aralar\u0131nda neler vard\u0131?<\/p>\n","protected":false},"excerpt":{"rendered":"<p>Latife Han\u0131m\u2026 Tan\u0131d\u0131\u011f\u0131m\u0131z\u0131 sand\u0131\u011f\u0131m\u0131z ama asl\u0131nda birka\u00e7 kare resmin i\u00e7ine hapsedilmi\u015f bir kad\u0131n. \u00c7ankaya\u2019n\u0131n uzun s\u00fcren sofralar\u0131ndan hiddetle kalkan, K\u00f6\u015fk\u2019e ve Mustafa Kemal\u2019e nizam vermeye \u00e7al\u0131\u015fan, \u201ckiminle evli oldu\u011funu bilmemek\u201dle \u201csu\u00e7lanan\u201d, bask\u0131n ve otoriter bir karakter.<\/p>\n<p>Oysa bu foto\u011fraf, U\u015fakizade Latife\u2019nin sadece bir y\u00f6n\u00fc. Yirminci y\u00fczy\u0131l\u0131n ba\u015f\u0131nda be\u015f dil bilen, Sorbonne\u2019da hukuk ve siyasal bilgiler tahsil etmi\u015f, Frans\u0131z gazetelerinden takip etti\u011fi Milli M\u00fccadele\u2019ye inand\u0131\u011f\u0131 i\u00e7in, Fransa\u2019da kalan ailesine ra\u011fmen i\u015fgal ald\u0131ndaki \u0130zmir\u2019e d\u00f6nen bir kad\u0131n o. Genel k\u00fclt\u00fcr\u00fc ve cesareti ile etkiledi\u011fi Mustafa Kemal\u2019e evlili\u011fi d\u00fc\u015f\u00fcnd\u00fcren, gen\u00e7 Cumhuriyet\u2019in kad\u0131nlar\u0131 i\u00e7in model olan biri. Ayr\u0131l\u0131ktan sonra, tam elli y\u0131l boyunca susan ve sad\u0131k kalan bir e\u015f, yaralanm\u0131\u015f bir kalp\u2026<\/p>\n<p>Gazeteci yazar Fatih Bayhan uzun ara\u015ft\u0131rmalar neticesinde, roman\/belgesel tad\u0131nda kaleme ald\u0131\u011f\u0131 Latife Han\u0131m\u2019\u0131n K\u00e2\u011f\u0131tlar\u0131\/A\u00e7\u0131lan Sanduka\u2019da bilinmeyen bir Latife Han\u0131m\u00a0 portresi sunmakla kalm\u0131yor; ailenin bug\u00fcn hayatta olan \u00fcyelerinden birinci elden edindi\u011fi bilgileri ve Latife\u2019nin sandukas\u0131ndan \u00e7\u0131kanlar\u0131 payla\u015f\u0131yor. Son y\u0131llar\u0131n\u0131 ge\u00e7irdi\u011fi ev, kulland\u0131\u011f\u0131 e\u015fyalar, gelinli\u011fi ve \u00f6zel aksesuarlar\u0131na dair bir alb\u00fcmle zenginle\u015fen kitapta Latife Han\u0131m\u2019\u0131n \u015fimdiye kadar bilinmeyen mektuplar\u0131, terekesinden \u00e7\u0131kanlar, fikir ve ruh d\u00fcnyas\u0131n\u0131n ayr\u0131nt\u0131lar\u0131 a\u00e7\u0131\u011fa \u00e7\u0131k\u0131yor.<\/p>\n<p>\u2022 Latife Han\u0131m Yunanl\u0131lar taraf\u0131ndan neden casuslukla su\u00e7land\u0131?<\/p>\n<p>\u2022 Fransa\u2019da e\u011fitim al\u0131rken i\u015fgal alt\u0131ndaki \u0130zmir\u2019le ilgili nas\u0131l bir r\u00fcya g\u00f6r\u00fcp yurda d\u00f6nd\u00fc?<\/p>\n<p>\u2022 Z\u00fcbeyde Han\u0131m\u2019\u0131n onu istemedi\u011fi do\u011fru muydu?<\/p>\n<p>\u2022 K\u00f6\u015fk\u2019teki baz\u0131 zevat taraf\u0131ndan neden sevilmedi?<\/p>\n<p>\u2022 Evlili\u011fi ve ayr\u0131l\u0131\u011f\u0131 T\u00fcrk ve d\u00fcnya bas\u0131n\u0131nda nas\u0131l yank\u0131 buldu?<\/p>\n<p>\u2022 Terekesinden hangi kitaplar \u00e7\u0131kt\u0131?<\/p>\n<p>\u2022 Mektuplar\u0131n\u0131n sat\u0131r aralar\u0131nda neler vard\u0131?<\/p>\n","protected":false},"featured_media":7007,"comment_status":"open","ping_status":"closed","template":"","meta":[],"class_list":["post-7006","product","type-product","status-publish","has-post-thumbnail","hentry","product_cat-dunya-gunluk-ani"],"_links":{"self":[{"href":"https:\/\/www.ttistanbulspor.org\/index.php\/wp-json\/wp\/v2\/product\/7006","targetHints":{"allow":["GET"]}}],"collection":[{"href":"https:\/\/www.ttistanbulspor.org\/index.php\/wp-json\/wp\/v2\/product"}],"about":[{"href":"https:\/\/www.ttistanbulspor.org\/index.php\/wp-json\/wp\/v2\/types\/product"}],"replies":[{"embeddable":true,"href":"https:\/\/www.ttistanbulspor.org\/index.php\/wp-json\/wp\/v2\/comments?post=7006"}],"wp:featuredmedia":[{"embeddable":true,"href":"https:\/\/www.ttistanbulspor.org\/index.php\/wp-json\/wp\/v2\/media\/7007"}],"wp:attachment":[{"href":"https:\/\/www.ttistanbulspor.org\/index.php\/wp-json\/wp\/v2\/media?parent=7006"}],"curies":[{"name":"wp","href":"https:\/\/api.w.org\/{rel}","templated":true}]}}