{"id":3113,"date":"2018-04-05T08:20:27","date_gmt":"2018-04-05T05:20:27","guid":{"rendered":"http:\/\/www.ttistanbulspor.org\/?post_type=product&#038;p=3113"},"modified":"2018-04-05T08:20:27","modified_gmt":"2018-04-05T05:20:27","slug":"satilik-imparatorluk-lozan-ve-osmanlinin-reddedilen-mirasi","status":"publish","type":"product","link":"https:\/\/www.ttistanbulspor.org\/index.php\/urun\/satilik-imparatorluk-lozan-ve-osmanlinin-reddedilen-mirasi\/","title":{"rendered":"Sat\u0131l\u0131k \u0130mparatorluk Lozan ve Osmanl\u0131&#8217;n\u0131n Reddedilen Miras\u0131"},"content":{"rendered":"<p>Onlar san\u0131yorlar ki, biz sussak mesele kalmayacak. Halbuki biz sussak, tarih susmayacak. Tarih sussa, hakikat susmayacak Sezai Karako\u00e7 Osmanl\u0131 Devleti&#8217;nin par\u00e7alanmas\u0131 birka\u00e7 ay i\u00e7erisinde ger\u00e7ekle\u015fti ve 1918 y\u0131l\u0131 Ekim ay\u0131n\u0131n son g\u00fcn\u00fc art\u0131k Osmanl\u0131&#8217;s\u0131z bir d\u00fcnya haritas\u0131 vard\u0131. Bununla da bitmedi\u2026 \u00d6nce Saltanat, sonra Halifelik, \u0130ngiliz dayatmas\u0131 daha do\u011frusu oyunu y\u00fcz\u00fcnden birer hamlede kald\u0131r\u0131ld\u0131. 1925&#8217;te toplumun k\u0131l\u0131k k\u0131yafeti de\u011fi\u015ftirildi. Maksat, yeni bir insan v\u00fccuda getirmekti. 1928&#8217;de bu defa alfabesi (yaz\u0131s\u0131) elden gitti Osmanl\u0131&#8217;n\u0131n. Mahir \u0130z&#8217;in dedi\u011fi gibi maksat &#8220;maziden alakay\u0131 kesmek&#8221;ti. 1932&#8217;de ezan T\u00fcrk\u00e7ele\u015ftirildi. T\u00fcm bunlar\u0131 bo\u015falan camileri satmak veya kiralamak, y\u0131kmak veya arsas\u0131n\u0131 ele ge\u00e7irip partinin kodamanlar\u0131na pe\u015fke\u015f \u00e7ekmek \u00fczere i\u00e7 etme ad\u0131m\u0131 takip etti. Velhas\u0131l, Lozan s\u00fcreciyle birlikte Osmanl\u0131 sat\u0131l\u0131\u011fa \u00e7\u0131kar\u0131lm\u0131\u015ft\u0131. Yaln\u0131z antika e\u015fyalar\u0131, camileri, medreseleri de\u011fil; Ayasofya&#8217;s\u0131 dahil pek \u00e7ok maddi ve manevi varl\u0131\u011f\u0131 sat\u0131ld\u0131. Kime peki ve neden? Elinizdeki kitap, Osmanl\u0131 miras\u0131n\u0131n neden ve nas\u0131l sat\u0131ld\u0131\u011f\u0131n\u0131 ve bir cihan imparatorlu\u011funun cihangirlik sevdas\u0131ndan vazge\u00e7mi\u015f varisi taraf\u0131ndan nas\u0131l hoyrat\u00e7a yok edildi\u011fini g\u00f6steriyor. Varis ne kadar unutmak isterse istesin, enkazdan artakalanlar mutlaka bir yerden ba\u015flar\u0131n\u0131 uzat\u0131p seslerini duyuracaklard\u0131. Mustafa Arma\u011fan, Osmanl\u0131&#8217;dan Cumhuriyet&#8217;e ge\u00e7i\u015fte ve sonras\u0131nda ya\u015fananlar\u0131 ele alarak tarihle yeniden hesapla\u015f\u0131yor: Sat\u0131l\u0131k \u0130mparatorluk&#8230;<\/p>\n","protected":false},"excerpt":{"rendered":"<p>Onlar san\u0131yorlar ki, biz sussak mesele kalmayacak. Halbuki biz sussak, tarih susmayacak. Tarih sussa, hakikat [&#8230;]<\/p>\n","protected":false},"featured_media":0,"comment_status":"open","ping_status":"closed","template":"","meta":[],"class_list":["post-3113","product","type-product","status-publish","hentry","product_cat-tarih"],"_links":{"self":[{"href":"https:\/\/www.ttistanbulspor.org\/index.php\/wp-json\/wp\/v2\/product\/3113","targetHints":{"allow":["GET"]}}],"collection":[{"href":"https:\/\/www.ttistanbulspor.org\/index.php\/wp-json\/wp\/v2\/product"}],"about":[{"href":"https:\/\/www.ttistanbulspor.org\/index.php\/wp-json\/wp\/v2\/types\/product"}],"replies":[{"embeddable":true,"href":"https:\/\/www.ttistanbulspor.org\/index.php\/wp-json\/wp\/v2\/comments?post=3113"}],"wp:attachment":[{"href":"https:\/\/www.ttistanbulspor.org\/index.php\/wp-json\/wp\/v2\/media?parent=3113"}],"curies":[{"name":"wp","href":"https:\/\/api.w.org\/{rel}","templated":true}]}}