{"id":1201,"date":"2017-03-08T23:07:24","date_gmt":"2017-03-08T20:07:24","guid":{"rendered":"http:\/\/www.ttistanbulspor.org\/?page_id=1201"},"modified":"2021-12-22T20:46:03","modified_gmt":"2021-12-22T17:46:03","slug":"dernek-tuzugu","status":"publish","type":"page","link":"https:\/\/www.ttistanbulspor.org\/index.php\/hakkimizda-2\/hakkimizda\/dernek-tuzugu\/","title":{"rendered":"Dernek T\u00fcz\u00fc\u011f\u00fc"},"content":{"rendered":"<p><em><strong>\u0130STANBUL T\u00dcRK TELEKOMSPOR KUL\u00dcB\u00dc DERNE\u011e\u0130 T\u00dcZ\u00dc\u011e\u00dc<\/strong><\/em><\/p>\n<p><em><strong>Derne\u011fin Ad\u0131 ve Merkezi:<\/strong><\/em><\/p>\n<p><em><strong>Madde 1-<\/strong> Derne\u011fin Ad\u0131: \u201c\u0130stanbul T\u00fcrk Telekomspor Kul\u00fcb\u00fc Derne\u011fi\u201d dir. Derne\u011fin merkezi\u00a0 \u0130stanbul\u2019dur.<\/em><\/p>\n<p><em>Derne\u011fin Adresi: Akatlar Mh. Prof. Dr. Kaya \u00c7ilingiro\u011flu Cd. No:10 Kat:Z 34335 \/ Be\u015fikta\u015f \/ \u0130STANBUL<\/em><\/p>\n<p><em>Derne\u011fin Telefon No\u2019su: 0212 267 2828 Derne\u011fin Fax No\u2019su: 0212 288 6465\u2019tir.<\/em><\/p>\n<p><em>Dernek, yurt i\u00e7inde ve yurt d\u0131\u015f\u0131nda \u015fube a\u00e7abilir.<\/em><\/p>\n<p><em><strong>Dernek Amblemi:<\/strong><\/em><\/p>\n<p><em><a href=\"http:\/\/www.ttistanbulspor.org\/wp-content\/uploads\/2017\/03\/turktelekom_spor_dernek_amblemi.png\"><img loading=\"lazy\" decoding=\"async\" class=\"size-full wp-image-1422\" src=\"http:\/\/www.ttistanbulspor.org\/wp-content\/uploads\/2017\/03\/turktelekom_spor_dernek_amblemi.png\" alt=\"turktelekom_spor_dernek_\" width=\"124\" height=\"69\" \/><\/a><\/em><\/p>\n<p><em><strong>Madde 2- <\/strong>Yanda g\u00f6r\u00fcld\u00fc\u011f\u00fc \u00fczere beyaz zemin \u00fczerine \u015firketimizin ad\u0131 ve kurumsal renkleri (turkuaz mavi-lacivert-sar\u0131-k\u0131rm\u0131z\u0131) kompozisyondan olu\u015fmaktad\u0131r. Kul\u00fcb\u00fcn renkleri, (turkuaz mavi-beyaz-lacivert)\u2019tir.<\/em><\/p>\n<p>&nbsp;<\/p>\n<p><em><strong>Derne\u011fin Amac\u0131 ve Bu Amac\u0131 Ger\u00e7ekle\u015ftirmek \u0130\u00e7in Dernek\u00e7e S\u00fcrd\u00fcr\u00fclecek \u00c7al\u0131\u015fma Konular\u0131 ve Bi\u00e7imleri \u0130le Faaliyet Alan\u0131<\/strong><\/em><\/p>\n<p><em><strong>Madde 3-<\/strong> Dernek,<\/em><\/p>\n<ul>\n<li><em>T\u00dcRK TELEKOM grubu \u00e7al\u0131\u015fanlar\u0131 ve emeklileri ile yak\u0131nlar\u0131n\u0131n, ayr\u0131ca T\u00dcRK TELEKOM d\u0131\u015f\u0131ndan se\u00e7ilecek ki\u015filerin sportif, k\u00fclt\u00fcrel, sosyal faaliyetlerini d\u00fczenlemek,<\/em><\/li>\n<li><em>Bo\u015f zamanlar\u0131n\u0131 de\u011ferlendirmek ve \u00fcyelerin moral-motivasyonunu y\u00fckseltmek i\u00e7in organizasyon ve etkinlikler d\u00fczenlemek,<\/em><\/li>\n<li><em>Lokal ve benzeri tesisler a\u00e7mak ve i\u015fletmek, \u00fcyelerin beden ve ruh sa\u011fl\u0131klar\u0131n\u0131 kazand\u0131rmak, bu amac\u0131 ger\u00e7ekle\u015ftirecek faaliyetlerde bulunmak amac\u0131 ile kurulmu\u015ftur.<\/em><\/li>\n<\/ul>\n<p>&nbsp;<\/p>\n<p><em><strong>Dernek\u00e7e S\u00fcrd\u00fcr\u00fclecek \u00c7al\u0131\u015fma Konular\u0131 ve Bi\u00e7imleri<\/strong><\/em><\/p>\n<ul>\n<li><em>Faaliyetlerinin etkinle\u015ftirilmesi ve geli\u015ftirilmesi i\u00e7in ara\u015ft\u0131rmalar yapmak,<\/em><\/li>\n<li><em>Kurs, seminer, konferans ve panel gibi e\u011fitim \u00e7al\u0131\u015fmalar\u0131 d\u00fczenlemek,<\/em><\/li>\n<li><em>Amac\u0131n geli\u015ftirilmesi i\u00e7in gerekli olan her t\u00fcrl\u00fc bilgi, belge, dok\u00fcman ve yay\u0131nlar\u0131 temin etmek, dok\u00fcmantasyon merkezi olu\u015fturmak, \u00e7al\u0131\u015fmalar\u0131n\u0131 duyurmak i\u00e7in ama\u00e7lar\u0131 do\u011frultusunda gazete, dergi, kitap gibi yay\u0131nlar ile \u00fcyelerine da\u011f\u0131tmak \u00fczere \u00e7al\u0131\u015fma ve bilgilendirme b\u00fcltenleri \u00e7\u0131karmak,<\/em><\/li>\n<li><em>Amac\u0131n ger\u00e7ekle\u015ftirilmesi i\u00e7in sa\u011fl\u0131kl\u0131 bir \u00e7al\u0131\u015fma ortam\u0131n\u0131 sa\u011flamak, her t\u00fcrl\u00fc teknik ara\u00e7 ve gereci, demirba\u015f ve k\u0131rtasiye malzemelerini temin etmek,<\/em><\/li>\n<li><em>Gerekli izinler al\u0131nmak \u015fart\u0131yla yard\u0131m toplama faaliyetlerinde bulunmak ve yurt i\u00e7inden ve yurt d\u0131\u015f\u0131ndan ba\u011f\u0131\u015f kabul etmek,<\/em><\/li>\n<li><em>T\u00fcz\u00fck ama\u00e7lar\u0131n\u0131n ger\u00e7ekle\u015ftirilmesi i\u00e7in ihtiya\u00e7 duydu\u011fu gelirleri temin etmek amac\u0131yla iktisadi, ticari ve sanayi i\u015fletmeler kurmak ve i\u015fletmek, otopark a\u00e7mak ve i\u015fletmek,<\/em><\/li>\n<li><em>\u00dcyelerinin yararlanmalar\u0131 ve bo\u015f zamanlar\u0131n\u0131 de\u011ferlendirebilmeleri i\u00e7in lokal a\u00e7mak, sosyal ve k\u00fclt\u00fcrel tesisler kurmak ve bunlar\u0131 tefri\u015f etmek,<\/em><\/li>\n<li><em>\u00dcyeleri aras\u0131nda be\u015feri m\u00fcnasebetlerin geli\u015ftirilmesi ve devam ettirilmesi i\u00e7in yemekli toplant\u0131lar, konser, balo, tiyatro, sergi, spor, gezi ve e\u011flenceli etkinlikler vb. d\u00fczenlemek veya \u00fcyelerinin bu t\u00fcr etkinliklerden yararlanmalar\u0131n\u0131 sa\u011flamak,<\/em><\/li>\n<li><em>Dernek faaliyetleri i\u00e7in ihtiya\u00e7 duyulan ta\u015f\u0131n\u0131r, ta\u015f\u0131nmaz mal sat\u0131n almak, satmak, kiralamak, kiraya vermek ve ta\u015f\u0131nmazlar \u00fczerinde ayni hak tesis etmek,<\/em><\/li>\n<li><em>Amac\u0131n ger\u00e7ekle\u015ftirilmesi i\u00e7in gerek g\u00f6r\u00fclmesi durumunda vak\u0131f kurmak federasyon kurmak veya kurulu bir federasyona kat\u0131lmak, gerekli izin al\u0131narak derneklerin izinle kurabilece\u011fi tesisleri kurmak,<\/em><\/li>\n<li><em>Uluslararas\u0131 faaliyette bulunmak, yurt d\u0131\u015f\u0131ndaki dernek veya kurulu\u015flara \u00fcye olmak ve bu kurulu\u015flarla proje baz\u0131nda ortak \u00e7al\u0131\u015fmalar yapmak veya yard\u0131mla\u015fmak,<\/em><\/li>\n<li><em>Derne\u011fin amac\u0131n\u0131 ger\u00e7ekle\u015ftirmek \u00fczere, benzer ama\u00e7l\u0131 derneklerden, i\u015f\u00e7i ve i\u015fveren sendikalar\u0131ndan ve mesleki kurulu\u015flardan maddi yard\u0131m almak ve ad\u0131 ge\u00e7en kurumlara maddi yard\u0131mda bulunmak,<\/em><\/li>\n<li><em>Amac\u0131n ger\u00e7ekle\u015ftirilmesi i\u00e7in gerek g\u00f6r\u00fclmesi halinde, 5072 say\u0131l\u0131 Dernek ve Vak\u0131flar\u0131n Kamu Kurum ve Kurulu\u015flar\u0131 ile \u0130li\u015fkilerine Dair Kanun h\u00fck\u00fcmleri sakl\u0131 kalmak \u00fczere, kamu kurum ve kurulu\u015flar\u0131 ile g\u00f6ren alanlar\u0131na giren konularda ortak projeler y\u00fcr\u00fctmek,<\/em><\/li>\n<li><em>Dernek \u00fcyelerinin yiyecek, giyecek gibi zaruri ihtiya\u00e7 maddelerini ve di\u011fer mal ve hizmetlerle k\u0131sa vadeli kredi ihtiya\u00e7lar\u0131n\u0131 kar\u015f\u0131lamak amac\u0131yla sand\u0131k kurmak,<\/em><\/li>\n<li><em>Gerekli g\u00f6r\u00fclen yerlerde \u015fube ve temsilcilikler a\u00e7mak,<\/em><\/li>\n<li><em>Derne\u011fin amac\u0131 ile ilgisi bulunan ve kanunlarla yasaklanmayan alanlarda, di\u011fer derneklerle veya vak\u0131f, sendika ve benzeri sivil toplum kurulu\u015flar\u0131yla ortak bir amac\u0131 ger\u00e7ekle\u015ftirmek i\u00e7in pl\u00e2tformlar olu\u015fturmak,<\/em><\/li>\n<\/ul>\n<p>&nbsp;<\/p>\n<p><em><strong>Derne\u011fin Faaliyet Alan\u0131<\/strong><\/em><\/p>\n<p><em>Dernek, sportif e\u011fitim, k\u00fclt\u00fcrel, sosyal faaliyetler alanlar\u0131nda faaliyet g\u00f6sterir.<\/em><\/p>\n<p>&nbsp;<\/p>\n<p><em><strong>\u00dcye Olma Hakk\u0131 ve \u00dcyelik \u0130\u015flemleri<\/strong><\/em><\/p>\n<p><em><strong>Madde 4-<\/strong> Fiil ehliyetine sahip bulunan ve derne\u011fin amac\u0131 ve ilkelerini benimseyerek bu do\u011frultuda \u00e7al\u0131\u015fmay\u0131 kabul eden ve Mevzuat\u0131n \u00f6ng\u00f6rd\u00fc\u011f\u00fc ko\u015fullar\u0131n ta\u015f\u0131yan her ger\u00e7ek ve t\u00fczel ki\u015fi,<\/em><\/p>\n<ul>\n<li><em>T\u00fcrk Telekom\u00fcnikasyon A.\u015e. ile Grup \u015firketleri \u00e7al\u0131\u015fanlar\u0131 ve bunlar\u0131n birinci derece yak\u0131nlar\u0131,<\/em><\/li>\n<li><em>T\u00fcrk Telekom\u00fcnikasyon A.\u015e. ile Grup \u015firketlerinden emekli olanlar ve en az \u00fc\u00e7 y\u0131l T\u00fcrk Telekom\u00fcnikasyon A.\u015e. de \u00e7al\u0131\u015fm\u0131\u015f ve ayr\u0131lm\u0131\u015f olanlar, bu derne\u011fe \u00fcye olma hakk\u0131na sahiptir.<\/em><\/li>\n<li><em>T\u00fcrk Telekom\u00fcnikasyon A.\u015e. i\u015f ortaklar\u0131 \u00e7al\u0131\u015fanlar\u0131ndan \u00fcye olmak isteyenlerin yaz\u0131l\u0131 olarak ba\u015fvurmalar\u0131n\u0131 m\u00fcteakip iki \u00fcye taraf\u0131ndan tavsiye edilmeleri ve Y\u00f6netim Kurulu\u2019nca kabul\u00fc \u015fartt\u0131r.<\/em><\/li>\n<\/ul>\n<p><em>Ancak, yabanc\u0131 ger\u00e7ek ki\u015filerin \u00fcye olabilmesi i\u00e7in T\u00fcrkiye\u2019de yerle\u015fme hakk\u0131na sahip olmas\u0131 da gerekir. Onursal \u00fcyelik i\u00e7in bu ko\u015ful aranmaz.<\/em><\/p>\n<p><em>Dernek ba\u015fkanl\u0131\u011f\u0131na yaz\u0131l\u0131 olarak yap\u0131lacak \u00fcyelik ba\u015fvurusu, dernek y\u00f6netim kurulunca en \u00e7ok otuz g\u00fcn i\u00e7inde \u00fcyeli\u011fe kabul veya iste\u011fin reddi \u015feklinde karara ba\u011flan\u0131r ve sonu\u00e7 yaz\u0131yla ba\u015fvuru sahibine bildirilir. Ba\u015fvurusu kabul edilen \u00fcye, bu ama\u00e7la tutulacak deftere kaydedilir.<\/em><\/p>\n<p><em>Derne\u011fin as\u0131l \u00fcyeleri, derne\u011fin kurucular\u0131 ile m\u00fcracaatlar\u0131 \u00fczerine y\u00f6netim kurulunca \u00fcyeli\u011fe kabul edilen ki\u015filerdir. Derne\u011fe maddi ve manevi bak\u0131mdan \u00f6nemli destek sa\u011flam\u0131\u015f bulunanlar y\u00f6netim kurulu karar\u0131 ile onursal \u00fcye olarak kabul edilirler.<\/em><\/p>\n<p><em>Derne\u011fin \u015fubesi a\u00e7\u0131ld\u0131\u011f\u0131nda dernek merkezinde kay\u0131tl\u0131 bulunanlar\u0131n \u00fcyelik kay\u0131tlar\u0131 \u015fubelere aktar\u0131l\u0131r. Yeni \u00fcyelik m\u00fcracaatlar\u0131 \u015fubeler yap\u0131l\u0131r. \u00dcyeli\u011fe kabul ve \u00fcyelikten silinme i\u015flemleri \u015fube y\u00f6netim kurullar\u0131 taraf\u0131ndan yap\u0131l\u0131r ve en \u00e7ok otuz g\u00fcn i\u00e7inde bir yaz\u0131yla Genel Merkeze bildirilir.<\/em><\/p>\n<p>&nbsp;<\/p>\n<p><em><strong>\u00dcyelikten \u00c7\u0131kma<\/strong><\/em><\/p>\n<p><em><strong>Madde 5-<\/strong> Her \u00fcye yaz\u0131l\u0131 olarak bildirmek kayd\u0131yla, dernekten \u00e7\u0131kma hakk\u0131na sahiptir. \u00dcyenin istifa dilek\u00e7esi y\u00f6netim kuruluna ula\u015ft\u0131\u011f\u0131 anda \u00e7\u0131k\u0131\u015f i\u015flemleri sonu\u00e7lanm\u0131\u015f say\u0131l\u0131r. \u00dcyelikten ayr\u0131lma, \u00fcyenin derne\u011fe olan birikmi\u015f bor\u00e7lar\u0131n\u0131 sona erdirmez.<\/em><\/p>\n<p>&nbsp;<\/p>\n<p><em><strong>\u00dcyelikten \u00c7\u0131kar\u0131lma<\/strong><\/em><\/p>\n<p><em><strong>Madde 6-<\/strong> Dernek \u00fcyeli\u011finden \u00e7\u0131kar\u0131lmay\u0131 gerektiren haller a\u015fa\u011f\u0131da g\u00f6sterilmi\u015ftir.<\/em><\/p>\n<ul>\n<li><em>Dernek t\u00fcz\u00fc\u011f\u00fcne ayk\u0131r\u0131 davran\u0131\u015flarda bulunmak,<\/em><\/li>\n<li><em>Verilen g\u00f6revlerden s\u00fcrekli ka\u00e7\u0131nmak,<\/em><\/li>\n<li><em>Yaz\u0131l\u0131 ikazlara ra\u011fmen \u00fcyelik aidat\u0131n\u0131 alt\u0131 ay i\u00e7inde \u00f6dememek,<\/em><\/li>\n<li><em>Dernek organlar\u0131nca verilen kararlara uymamak,<\/em><\/li>\n<li><em>\u00dcye olma \u015fartlar\u0131n\u0131 kaybetmi\u015f olmak,<\/em><\/li>\n<\/ul>\n<p><em>Yukar\u0131da say\u0131lan durumlardan birinin tespiti halinde y\u00f6netim kurulu karar\u0131 ile \u00fcyelikten \u00e7\u0131kar\u0131labilir. Dernekten \u00e7\u0131kan veya \u00e7\u0131kar\u0131lan, \u00fcye kay\u0131t defterinden silinir ve dernek\u00a0mal varl\u0131\u011f\u0131nda\u00a0hak iddia edemez.<\/em><\/p>\n<p><em>&#8230;.<\/em><\/p>\n","protected":false},"excerpt":{"rendered":"<p>\u0130STANBUL T\u00dcRK TELEKOMSPOR KUL\u00dcB\u00dc DERNE\u011e\u0130 T\u00dcZ\u00dc\u011e\u00dc Derne\u011fin Ad\u0131 ve Merkezi: Madde 1- Derne\u011fin Ad\u0131: \u201c\u0130stanbul [&#8230;]<\/p>\n","protected":false},"author":1,"featured_media":0,"parent":1213,"menu_order":0,"comment_status":"closed","ping_status":"closed","template":"","meta":{"footnotes":""},"class_list":["post-1201","page","type-page","status-publish","hentry"],"_links":{"self":[{"href":"https:\/\/www.ttistanbulspor.org\/index.php\/wp-json\/wp\/v2\/pages\/1201","targetHints":{"allow":["GET"]}}],"collection":[{"href":"https:\/\/www.ttistanbulspor.org\/index.php\/wp-json\/wp\/v2\/pages"}],"about":[{"href":"https:\/\/www.ttistanbulspor.org\/index.php\/wp-json\/wp\/v2\/types\/page"}],"author":[{"embeddable":true,"href":"https:\/\/www.ttistanbulspor.org\/index.php\/wp-json\/wp\/v2\/users\/1"}],"replies":[{"embeddable":true,"href":"https:\/\/www.ttistanbulspor.org\/index.php\/wp-json\/wp\/v2\/comments?post=1201"}],"version-history":[{"count":6,"href":"https:\/\/www.ttistanbulspor.org\/index.php\/wp-json\/wp\/v2\/pages\/1201\/revisions"}],"predecessor-version":[{"id":2298,"href":"https:\/\/www.ttistanbulspor.org\/index.php\/wp-json\/wp\/v2\/pages\/1201\/revisions\/2298"}],"up":[{"embeddable":true,"href":"https:\/\/www.ttistanbulspor.org\/index.php\/wp-json\/wp\/v2\/pages\/1213"}],"wp:attachment":[{"href":"https:\/\/www.ttistanbulspor.org\/index.php\/wp-json\/wp\/v2\/media?parent=1201"}],"curies":[{"name":"wp","href":"https:\/\/api.w.org\/{rel}","templated":true}]}}