{"id":7389,"date":"2019-09-30T15:21:25","date_gmt":"2019-09-30T12:21:25","guid":{"rendered":"http:\/\/www.ttistanbulspor.org\/?post_type=product&#038;p=7389"},"modified":"2019-09-30T15:21:45","modified_gmt":"2019-09-30T12:21:45","slug":"malcolm-x","status":"publish","type":"product","link":"http:\/\/www.ttistanbulspor.org\/index.php\/urun\/malcolm-x\/","title":{"rendered":"Malcolm X"},"content":{"rendered":"<p>Siyahlar\u0131n Amerika k\u0131tas\u0131ndaki tarihlerinde Kuzey-G\u00fcney Sava\u015f\u0131ndan sonra en b\u00fcy\u00fck olay ku\u015fkusuz \u0130slamiyettir. \u0130nsan yerine konulmayan siyahlar g\u00fcn\u00fcn birinde h\u0131zla ve kitleler halinde ana dinleri \u0130slamiyeti se\u00e7tiler. Siyahlar i\u00e7in \u0130slamiyet yaln\u0131zca soyut bir din de\u011fil, kendilerine bilin\u00e7li bir bi\u00e7imde unutturulan tarihlerine, dillerine, k\u00fclt\u00fcrlerine, k\u0131saca k\u00f6klerine yeniden d\u00f6n\u00fc\u015ft\u00fc. Malcolm X bu ak\u0131m\u0131n en \u00f6nde gelen ve en radikal \u00f6nderlerinden biridir.<br \/>\nBa\u015flang\u0131\u00e7ta, ilk zenci m\u00fcsl\u00fcman hareketinin \u00f6nc\u00fcs\u00fc Elijah Muhammed&#8217;in ba\u011fl\u0131s\u0131 olarak \u0131rk\u00e7\u0131 d\u00fc\u015f\u00fcnceler ta\u015f\u0131yorken, Hac dolay\u0131s\u0131yla \u0130slam d\u00fcnyas\u0131na yapt\u0131\u011f\u0131 bir gezi onu bu d\u00fc\u015f\u00fcncelerden d\u00f6nd\u00fcrd\u00fc. Art\u0131k kendisini \u0130slam&#8217;\u0131n s\u00f6m\u00fcrgecilik ve \u0131rk\u00e7\u0131l\u0131k kar\u015f\u0131t\u0131 evrensel mesaj\u0131n\u0131 t\u00fcm d\u00fcnyaya iletmeye adam\u0131\u015ft\u0131. Bu amac\u0131n\u0131 kitleler \u00e7ap\u0131nda ger\u00e7ekle\u015ftirmeye \u00e7al\u0131\u015ft\u0131\u011f\u0131 toplant\u0131lar\u0131ndan birinde suikate u\u011fray\u0131p, 25 \u015eubat 1965&#8217;da \u00f6ld\u00fcr\u00fcld\u00fc.<\/p>\n","protected":false},"excerpt":{"rendered":"<p>Siyahlar\u0131n Amerika k\u0131tas\u0131ndaki tarihlerinde Kuzey-G\u00fcney Sava\u015f\u0131ndan sonra en b\u00fcy\u00fck olay ku\u015fkusuz \u0130slamiyettir. \u0130nsan yerine konulmayan siyahlar g\u00fcn\u00fcn birinde h\u0131zla ve kitleler halinde ana dinleri \u0130slamiyeti se\u00e7tiler. Siyahlar i\u00e7in \u0130slamiyet yaln\u0131zca soyut bir din de\u011fil, kendilerine bilin\u00e7li bir bi\u00e7imde unutturulan tarihlerine, dillerine, k\u00fclt\u00fcrlerine, k\u0131saca k\u00f6klerine yeniden d\u00f6n\u00fc\u015ft\u00fc. Malcolm X bu ak\u0131m\u0131n en \u00f6nde gelen ve en radikal \u00f6nderlerinden biridir.<br \/>\nBa\u015flang\u0131\u00e7ta, ilk zenci m\u00fcsl\u00fcman hareketinin \u00f6nc\u00fcs\u00fc Elijah Muhammed&#8217;in ba\u011fl\u0131s\u0131 olarak \u0131rk\u00e7\u0131 d\u00fc\u015f\u00fcnceler ta\u015f\u0131yorken, Hac dolay\u0131s\u0131yla \u0130slam d\u00fcnyas\u0131na yapt\u0131\u011f\u0131 bir gezi onu bu d\u00fc\u015f\u00fcncelerden d\u00f6nd\u00fcrd\u00fc. Art\u0131k kendisini \u0130slam&#8217;\u0131n s\u00f6m\u00fcrgecilik ve \u0131rk\u00e7\u0131l\u0131k kar\u015f\u0131t\u0131 evrensel mesaj\u0131n\u0131 t\u00fcm d\u00fcnyaya iletmeye adam\u0131\u015ft\u0131. Bu amac\u0131n\u0131 kitleler \u00e7ap\u0131nda ger\u00e7ekle\u015ftirmeye \u00e7al\u0131\u015ft\u0131\u011f\u0131 toplant\u0131lar\u0131ndan birinde suikate u\u011fray\u0131p, 25 \u015eubat 1965&#8217;da \u00f6ld\u00fcr\u00fcld\u00fc.<\/p>\n","protected":false},"featured_media":7390,"comment_status":"open","ping_status":"closed","template":"","meta":[],"class_list":["post-7389","product","type-product","status-publish","has-post-thumbnail","hentry","product_cat-tarihi-kisiler"],"_links":{"self":[{"href":"http:\/\/www.ttistanbulspor.org\/index.php\/wp-json\/wp\/v2\/product\/7389","targetHints":{"allow":["GET"]}}],"collection":[{"href":"http:\/\/www.ttistanbulspor.org\/index.php\/wp-json\/wp\/v2\/product"}],"about":[{"href":"http:\/\/www.ttistanbulspor.org\/index.php\/wp-json\/wp\/v2\/types\/product"}],"replies":[{"embeddable":true,"href":"http:\/\/www.ttistanbulspor.org\/index.php\/wp-json\/wp\/v2\/comments?post=7389"}],"wp:featuredmedia":[{"embeddable":true,"href":"http:\/\/www.ttistanbulspor.org\/index.php\/wp-json\/wp\/v2\/media\/7390"}],"wp:attachment":[{"href":"http:\/\/www.ttistanbulspor.org\/index.php\/wp-json\/wp\/v2\/media?parent=7389"}],"curies":[{"name":"wp","href":"https:\/\/api.w.org\/{rel}","templated":true}]}}