{"id":7150,"date":"2019-09-24T08:29:59","date_gmt":"2019-09-24T05:29:59","guid":{"rendered":"http:\/\/www.ttistanbulspor.org\/?post_type=product&#038;p=7150"},"modified":"2019-09-24T08:30:09","modified_gmt":"2019-09-24T05:30:09","slug":"calikusu","status":"publish","type":"product","link":"http:\/\/www.ttistanbulspor.org\/index.php\/urun\/calikusu\/","title":{"rendered":"\u00c7ALIKU\u015eU"},"content":{"rendered":"<p>\u00c7al\u0131ku\u015fu ilk kez 1922 y\u0131l\u0131nda Vakit gazetesinde tefrika edilmi\u015f ve ayn\u0131 y\u0131l kitap olarak bas\u0131lm\u0131\u015ft\u0131r. Be\u015finci bask\u0131s\u0131ndan sonra eser, 1939 y\u0131l\u0131nda bizzat Re\u015fat Nuri G\u00fcntekin taraf\u0131ndan sonra tekrar yay\u0131mlanm\u0131\u015ft\u0131r. Bu kitap s\u00f6z konusu bask\u0131s\u0131ndan yararlan\u0131larak asl\u0131na uygun olarak yay\u0131na haz\u0131rlanm\u0131\u015ft\u0131r.<\/p>\n<p>\u00c7ALIKU\u015eU, Re\u015fat Nuri G\u00fcntekin&#8221;in en yayg\u0131n \u00fcn\u00fcn\u00fc kazand\u0131\u011f\u0131 ilk roman\u0131. Romanda, iyi \u00f6\u011frenim g\u00f6rm\u00fc\u015f bir \u0130stanbul k\u0131z\u0131n\u0131n, Anadolu&#8217;nun \u00e7e\u015fitli k\u00f6y ve kasabalar\u0131nda \u00f6\u011fretmen olarak ya\u015fad\u0131\u011f\u0131 ser\u00fcven anlat\u0131l\u0131r.Ser\u00fcven y\u00f6n\u00fc a\u011f\u0131r basan bu romanda, ki\u015filerin duygu d\u00fcnyalar\u0131, \u00fclke ger\u00e7eklerinden soyutlanmadan verilir. \u00c7al\u0131ku\u015fu, her ya\u015ftan insan\u0131n rahatl\u0131kla okuyup sevebilece\u011fi \u00f6nemli romanlar\u0131m\u0131zdan biridir.<\/p>\n","protected":false},"excerpt":{"rendered":"<p>\u00c7al\u0131ku\u015fu ilk kez 1922 y\u0131l\u0131nda Vakit gazetesinde tefrika edilmi\u015f ve ayn\u0131 y\u0131l kitap olarak bas\u0131lm\u0131\u015ft\u0131r. Be\u015finci bask\u0131s\u0131ndan sonra eser, 1939 y\u0131l\u0131nda bizzat Re\u015fat Nuri G\u00fcntekin taraf\u0131ndan sonra tekrar yay\u0131mlanm\u0131\u015ft\u0131r. Bu kitap s\u00f6z konusu bask\u0131s\u0131ndan yararlan\u0131larak asl\u0131na uygun olarak yay\u0131na haz\u0131rlanm\u0131\u015ft\u0131r.<\/p>\n<p>\u00c7ALIKU\u015eU, Re\u015fat Nuri G\u00fcntekin&#8221;in en yayg\u0131n \u00fcn\u00fcn\u00fc kazand\u0131\u011f\u0131 ilk roman\u0131. Romanda, iyi \u00f6\u011frenim g\u00f6rm\u00fc\u015f bir \u0130stanbul k\u0131z\u0131n\u0131n, Anadolu&#8217;nun \u00e7e\u015fitli k\u00f6y ve kasabalar\u0131nda \u00f6\u011fretmen olarak ya\u015fad\u0131\u011f\u0131 ser\u00fcven anlat\u0131l\u0131r.Ser\u00fcven y\u00f6n\u00fc a\u011f\u0131r basan bu romanda, ki\u015filerin duygu d\u00fcnyalar\u0131, \u00fclke ger\u00e7eklerinden soyutlanmadan verilir. \u00c7al\u0131ku\u015fu, her ya\u015ftan insan\u0131n rahatl\u0131kla okuyup sevebilece\u011fi \u00f6nemli romanlar\u0131m\u0131zdan biridir.<\/p>\n","protected":false},"featured_media":7151,"comment_status":"open","ping_status":"closed","template":"","meta":[],"class_list":["post-7150","product","type-product","status-publish","has-post-thumbnail","hentry","product_cat-romanhikaye"],"_links":{"self":[{"href":"http:\/\/www.ttistanbulspor.org\/index.php\/wp-json\/wp\/v2\/product\/7150","targetHints":{"allow":["GET"]}}],"collection":[{"href":"http:\/\/www.ttistanbulspor.org\/index.php\/wp-json\/wp\/v2\/product"}],"about":[{"href":"http:\/\/www.ttistanbulspor.org\/index.php\/wp-json\/wp\/v2\/types\/product"}],"replies":[{"embeddable":true,"href":"http:\/\/www.ttistanbulspor.org\/index.php\/wp-json\/wp\/v2\/comments?post=7150"}],"wp:featuredmedia":[{"embeddable":true,"href":"http:\/\/www.ttistanbulspor.org\/index.php\/wp-json\/wp\/v2\/media\/7151"}],"wp:attachment":[{"href":"http:\/\/www.ttistanbulspor.org\/index.php\/wp-json\/wp\/v2\/media?parent=7150"}],"curies":[{"name":"wp","href":"https:\/\/api.w.org\/{rel}","templated":true}]}}